{"id":1967,"date":"2024-04-23T16:34:04","date_gmt":"2024-04-23T14:34:04","guid":{"rendered":"https:\/\/laprimaveradelcava.com\/actividades\/"},"modified":"2026-03-25T11:15:42","modified_gmt":"2026-03-25T10:15:42","slug":"actividades","status":"publish","type":"page","link":"https:\/\/laprimaveradelcava.com\/es\/actividades\/","title":{"rendered":"Actividades"},"content":{"rendered":"<p>[et_pb_section fb_built=\u00bb1&#8243; _builder_version=\u00bb4.25.0&#8243; _module_preset=\u00bbdefault\u00bb global_colors_info=\u00bb{}\u00bb][et_pb_row _builder_version=\u00bb4.25.0&#8243; _module_preset=\u00bbdefault\u00bb global_colors_info=\u00bb{}\u00bb][et_pb_column type=\u00bb4_4&#8243; _builder_version=\u00bb4.25.0&#8243; _module_preset=\u00bbdefault\u00bb global_colors_info=\u00bb{}\u00bb][et_pb_text _builder_version=\u00bb4.25.0&#8243; _module_preset=\u00bbdefault\u00bb global_colors_info=\u00bb{}\u00bb]<\/p>\n<h1>Actividades | La Primavera del Cava<\/h1>\n<p>[\/et_pb_text][et_pb_text _builder_version=\u00bb4.25.0&#8243; _module_preset=\u00bbdefault\u00bb global_colors_info=\u00bb{}\u00bb]<div class=\"mec-wrap mec-skin-grid-container  \" id=\"mec_skin_48\">\n\n    \n            <div class=\"mec-skin-grid-events-container\" id=\"mec_skin_events_48\">\n        <div class=\"mec-wrap colorskin-custom\">\n    <div class=\"mec-event-grid-classic\" data-widget-autoplay=\"1\" data-widget-loop=\"1\" data-widget-autoplay-time=\"3000\">\n        <div class=\"row\"><div class=\"col-md-4 col-sm-4\"><article class=\" mec-event-article mec-clear  \" itemscope>                    <div class=\"mec-event-image\"><a data-event-id=\"1315\" href=\"https:\/\/laprimaveradelcava.com\/es\/eventos\/capitavidal\/\" target=\"_self\" rel=\"noopener\"><img decoding=\"async\" width=\"300\" height=\"200\" src=\"https:\/\/laprimaveradelcava.com\/wp-content\/uploads\/2025\/03\/Bodegues-Capita-Vidal-La-Primavera-del-Cava-3-300x200.png\" class=\"attachment-medium size-medium wp-post-image\" alt=\"Capit\u00e0 Vidal\" data-mec-postid=\"1315\" \/><\/a><\/div>\n                        <div class=\"mec-event-content\">\n                                    <div class=\"mec-event-date mec-bg-color\">\n                        <span class=\"mec-start-date-label\">09 mayo 2026<\/span>                                                                    <\/div>\n                                                                <h4 class=\"mec-event-title\"><a class=\"mec-color-hover\" data-event-id=\"1315\" href=\"https:\/\/laprimaveradelcava.com\/es\/eventos\/capitavidal\/\" target=\"_self\" rel=\"noopener\">Caminata entre vi\u00f1edos con cata de cavas y m\u00fasica en directo<\/a><\/h4>\n                                <p class=\"mec-grid-event-location\">BODEGUES CAPIT\u00c0 VIDAL, Carretera Vilafranca-Igualada, C-15, km 21. Barri El Pujolet. 08733 \u2013 El Pla del Pened\u00e8s (Barcelona)<\/p>\n                                <div class=\"mec-shortcode-organizers\"><i class=\"mec-sl-user\"><\/i><ul class=\"mec-organizers\"><li class=\"mec-organizer-item\"><span>Bodegues Capit\u00e0 Vidal<\/span><\/li><\/ul><\/div>                                            <\/div>\n            <div class=\"mec-event-footer\">\n                                <ul class=\"mec-event-sharing-wrap\">\n                    <li class=\"mec-event-share\">\n                        <a href=\"#\" class=\"mec-event-share-icon\">\n                            <i class=\"mec-sl-share\" title=\"Share\"><\/i>\n                        <\/a>\n                    <\/li>\n                    <li>\n                        <ul class=\"mec-event-sharing\">\n                            <li class=\"mec-event-social-icon\"><a class=\"facebook\" href=\"https:\/\/www.facebook.com\/sharer\/sharer.php?u=https%3A%2F%2Flaprimaveradelcava.com%2Fes%2Feventos%2Fcapitavidal%2F\" onclick=\"javascript:window.open(this.href, &#039;&#039;, &#039;menubar=no,toolbar=no,resizable=yes,scrollbars=yes,height=500,width=600&#039;); return false;\" target=\"_blank\" title=\"Compartir en Facebook\"><i class=\"mec-fa-facebook\"><\/i><span class=\"mec-social-title\">Facebook<\/span><\/a><\/li><li class=\"mec-event-social-icon\"><a class=\"twitter\" href=\"https:\/\/twitter.com\/share?url=https%3A%2F%2Flaprimaveradelcava.com%2Fes%2Feventos%2Fcapitavidal%2F\" onclick=\"javascript:window.open(this.href, &#039;&#039;, &#039;menubar=no,toolbar=no,resizable=yes,scrollbars=yes,height=600,width=500&#039;); return false;\" target=\"_blank\" title=\"X Social Network\"><svg xmlns=\"http:\/\/www.w3.org\/2000\/svg\" shape-rendering=\"geometricPrecision\" text-rendering=\"geometricPrecision\" image-rendering=\"optimizeQuality\" fill-rule=\"evenodd\" clip-rule=\"evenodd\" viewBox=\"0 0 512 462.799\"><path fill-rule=\"nonzero\" d=\"M403.229 0h78.506L310.219 196.04 512 462.799H354.002L230.261 301.007 88.669 462.799h-78.56l183.455-209.683L0 0h161.999l111.856 147.88L403.229 0zm-27.556 415.805h43.505L138.363 44.527h-46.68l283.99 371.278z\"\/><\/svg><span class=\"mec-social-title\">Twitter<\/span><\/a><\/li><li class=\"mec-event-social-icon\"><a class=\"linkedin\" href=\"https:\/\/www.linkedin.com\/shareArticle?mini=true&amp;url=https%3A%2F%2Flaprimaveradelcava.com%2Fes%2Feventos%2Fcapitavidal%2F\" onclick=\"javascript:window.open(this.href, &#039;&#039;, &#039;menubar=no,toolbar=no,resizable=yes,scrollbars=yes,height=600,width=500&#039;); return false;\" target=\"_blank\" title=\"LinkedIn\"><i class=\"mec-fa-linkedin\"><\/i><span class=\"mec-social-title\">LinkedIn<\/span><\/a><\/li><li class=\"mec-event-social-icon\"><a class=\"whatsapp\" href=\"https:\/\/api.whatsapp.com\/send?text=https%3A%2F%2Flaprimaveradelcava.com%2Fes%2Feventos%2Fcapitavidal%2F\" target=\"_blank\" title=\"Compartir en WhatsApp\"><i class=\"mec-fa-whatsapp\"><\/i><span class=\"mec-social-title\">WhatsApp<\/span><\/a><\/li><li class=\"mec-event-social-icon\"><a class=\"telegram\" href=\"https:\/\/telegram.me\/share\/url?url=https%3A%2F%2Flaprimaveradelcava.com%2Fes%2Feventos%2Fcapitavidal%2F&amp;text=Caminata entre vi\u00f1edos con cata de cavas y m\u00fasica en directo\" target=\"_blank\" title=\"Compartir en Telegram\">\n            <i><svg aria-hidden=\"true\" focusable=\"false\" data-prefix=\"fab\" data-icon=\"telegram\" class=\"svg-inline--fa fa-telegram fa-w-16\" role=\"img\" xmlns=\"http:\/\/www.w3.org\/2000\/svg\" viewBox=\"0 0 496 512\"><path fill=\"currentColor\" d=\"M248 8C111 8 0 119 0 256s111 248 248 248 248-111 248-248S385 8 248 8zm121.8 169.9l-40.7 191.8c-3 13.6-11.1 16.9-22.4 10.5l-62-45.7-29.9 28.8c-3.3 3.3-6.1 6.1-12.5 6.1l4.4-63.1 114.9-103.8c5-4.4-1.1-6.9-7.7-2.5l-142 89.4-61.2-19.1c-13.3-4.2-13.6-13.3 2.8-19.7l239.1-92.2c11.1-4 20.8 2.7 17.2 19.5z\"><\/path><\/svg><\/i>\n            <span class=\"mec-social-title\">Telegram<\/span>\n        <\/a><\/li><li class=\"mec-event-social-icon\"><a class=\"email\" href=\"mailto:?subject=Caminata%20entre%20vi%C3%B1edos%20con%20cata%20de%20cavas%20y%20m%C3%BAsica%20en%20directo&body=https%3A%2F%2Flaprimaveradelcava.com%2Fes%2Feventos%2Fcapitavidal%2F\" title=\"Correo electr\u00f3nico\"><i class=\"mec-fa-envelope\"><\/i><span class=\"mec-social-title\">Correo electr\u00f3nico<\/span><\/a><\/li>                        <\/ul>\n                    <\/li>\n                <\/ul>\n                                                <a class=\"mec-booking-button\" data-event-id=\"1315\" href=\"https:\/\/laprimaveradelcava.com\/es\/eventos\/capitavidal\/\" target=\"_self\" rel=\"noopener\">Ver detalle<\/a>            <\/div>\n        <\/article><\/div>        <div class=\"col-md-4 col-sm-4\"><article class=\" mec-event-article mec-clear  \" itemscope>                    <div class=\"mec-event-image\"><a data-event-id=\"1963\" href=\"https:\/\/laprimaveradelcava.com\/es\/eventos\/canalsidomingo\/\" target=\"_self\" rel=\"noopener\"><img decoding=\"async\" width=\"300\" height=\"200\" src=\"https:\/\/laprimaveradelcava.com\/wp-content\/uploads\/2026\/03\/La-Primavera-del-Cava-Canals-i-Domingo-3-300x200.png\" class=\"attachment-medium size-medium wp-post-image\" alt=\"Canals &amp; Domingo\" data-mec-postid=\"1963\" \/><\/a><\/div>\n                        <div class=\"mec-event-content\">\n                                    <div class=\"mec-event-date mec-bg-color\">\n                        <span class=\"mec-start-date-label\">09 mayo 2026<\/span>                                                                    <\/div>\n                                                                <h4 class=\"mec-event-title\"><a class=\"mec-color-hover\" data-event-id=\"1963\" href=\"https:\/\/laprimaveradelcava.com\/es\/eventos\/canalsidomingo\/\" target=\"_self\" rel=\"noopener\">Desayuno de brasa entre vi\u00f1edos y juego de cata a ciegas<\/a><\/h4>\n                                <p class=\"mec-grid-event-location\">CANALS &amp; DOMINGO, Cam\u00ed de les Casetes, s\/n. 08770 - Sant Sadurn\u00ed d'Anoia (Barcelona)<\/p>\n                                <div class=\"mec-shortcode-organizers\"><i class=\"mec-sl-user\"><\/i><ul class=\"mec-organizers\"><li class=\"mec-organizer-item\"><span>Canals &amp; Domingo<\/span><\/li><\/ul><\/div>                                            <\/div>\n            <div class=\"mec-event-footer\">\n                                <ul class=\"mec-event-sharing-wrap\">\n                    <li class=\"mec-event-share\">\n                        <a href=\"#\" class=\"mec-event-share-icon\">\n                            <i class=\"mec-sl-share\" title=\"Share\"><\/i>\n                        <\/a>\n                    <\/li>\n                    <li>\n                        <ul class=\"mec-event-sharing\">\n                            <li class=\"mec-event-social-icon\"><a class=\"facebook\" href=\"https:\/\/www.facebook.com\/sharer\/sharer.php?u=https%3A%2F%2Flaprimaveradelcava.com%2Fes%2Feventos%2Fcanalsidomingo%2F\" onclick=\"javascript:window.open(this.href, &#039;&#039;, &#039;menubar=no,toolbar=no,resizable=yes,scrollbars=yes,height=500,width=600&#039;); return false;\" target=\"_blank\" title=\"Compartir en Facebook\"><i class=\"mec-fa-facebook\"><\/i><span class=\"mec-social-title\">Facebook<\/span><\/a><\/li><li class=\"mec-event-social-icon\"><a class=\"twitter\" href=\"https:\/\/twitter.com\/share?url=https%3A%2F%2Flaprimaveradelcava.com%2Fes%2Feventos%2Fcanalsidomingo%2F\" onclick=\"javascript:window.open(this.href, &#039;&#039;, &#039;menubar=no,toolbar=no,resizable=yes,scrollbars=yes,height=600,width=500&#039;); return false;\" target=\"_blank\" title=\"X Social Network\"><svg xmlns=\"http:\/\/www.w3.org\/2000\/svg\" shape-rendering=\"geometricPrecision\" text-rendering=\"geometricPrecision\" image-rendering=\"optimizeQuality\" fill-rule=\"evenodd\" clip-rule=\"evenodd\" viewBox=\"0 0 512 462.799\"><path fill-rule=\"nonzero\" d=\"M403.229 0h78.506L310.219 196.04 512 462.799H354.002L230.261 301.007 88.669 462.799h-78.56l183.455-209.683L0 0h161.999l111.856 147.88L403.229 0zm-27.556 415.805h43.505L138.363 44.527h-46.68l283.99 371.278z\"\/><\/svg><span class=\"mec-social-title\">Twitter<\/span><\/a><\/li><li class=\"mec-event-social-icon\"><a class=\"linkedin\" href=\"https:\/\/www.linkedin.com\/shareArticle?mini=true&amp;url=https%3A%2F%2Flaprimaveradelcava.com%2Fes%2Feventos%2Fcanalsidomingo%2F\" onclick=\"javascript:window.open(this.href, &#039;&#039;, &#039;menubar=no,toolbar=no,resizable=yes,scrollbars=yes,height=600,width=500&#039;); return false;\" target=\"_blank\" title=\"LinkedIn\"><i class=\"mec-fa-linkedin\"><\/i><span class=\"mec-social-title\">LinkedIn<\/span><\/a><\/li><li class=\"mec-event-social-icon\"><a class=\"whatsapp\" href=\"https:\/\/api.whatsapp.com\/send?text=https%3A%2F%2Flaprimaveradelcava.com%2Fes%2Feventos%2Fcanalsidomingo%2F\" target=\"_blank\" title=\"Compartir en WhatsApp\"><i class=\"mec-fa-whatsapp\"><\/i><span class=\"mec-social-title\">WhatsApp<\/span><\/a><\/li><li class=\"mec-event-social-icon\"><a class=\"telegram\" href=\"https:\/\/telegram.me\/share\/url?url=https%3A%2F%2Flaprimaveradelcava.com%2Fes%2Feventos%2Fcanalsidomingo%2F&amp;text=Desayuno de brasa entre vi\u00f1edos y juego de cata a ciegas\" target=\"_blank\" title=\"Compartir en Telegram\">\n            <i><svg aria-hidden=\"true\" focusable=\"false\" data-prefix=\"fab\" data-icon=\"telegram\" class=\"svg-inline--fa fa-telegram fa-w-16\" role=\"img\" xmlns=\"http:\/\/www.w3.org\/2000\/svg\" viewBox=\"0 0 496 512\"><path fill=\"currentColor\" d=\"M248 8C111 8 0 119 0 256s111 248 248 248 248-111 248-248S385 8 248 8zm121.8 169.9l-40.7 191.8c-3 13.6-11.1 16.9-22.4 10.5l-62-45.7-29.9 28.8c-3.3 3.3-6.1 6.1-12.5 6.1l4.4-63.1 114.9-103.8c5-4.4-1.1-6.9-7.7-2.5l-142 89.4-61.2-19.1c-13.3-4.2-13.6-13.3 2.8-19.7l239.1-92.2c11.1-4 20.8 2.7 17.2 19.5z\"><\/path><\/svg><\/i>\n            <span class=\"mec-social-title\">Telegram<\/span>\n        <\/a><\/li><li class=\"mec-event-social-icon\"><a class=\"email\" href=\"mailto:?subject=Desayuno%20de%20brasa%20entre%20vi%C3%B1edos%20y%20juego%20de%20cata%20a%20ciegas&body=https%3A%2F%2Flaprimaveradelcava.com%2Fes%2Feventos%2Fcanalsidomingo%2F\" title=\"Correo electr\u00f3nico\"><i class=\"mec-fa-envelope\"><\/i><span class=\"mec-social-title\">Correo electr\u00f3nico<\/span><\/a><\/li>                        <\/ul>\n                    <\/li>\n                <\/ul>\n                                                <a class=\"mec-booking-button\" data-event-id=\"1963\" href=\"https:\/\/laprimaveradelcava.com\/es\/eventos\/canalsidomingo\/\" target=\"_self\" rel=\"noopener\">Ver detalle<\/a>            <\/div>\n        <\/article><\/div>        <div class=\"col-md-4 col-sm-4\"><article class=\" mec-event-article mec-clear  \" itemscope>                    <div class=\"mec-event-image\"><a data-event-id=\"1317\" href=\"https:\/\/laprimaveradelcava.com\/es\/eventos\/cavarovellats\/\" target=\"_self\" rel=\"noopener\"><img decoding=\"async\" width=\"300\" height=\"200\" src=\"https:\/\/laprimaveradelcava.com\/wp-content\/uploads\/2025\/03\/Rovellats-LPDC-7-300x200.png\" class=\"attachment-medium size-medium wp-post-image\" alt=\"La Primavera del Cava Enoturisme al Pened\u00e8s Experi\u00e8ncies i diversi\u00f3\" data-mec-postid=\"1317\" \/><\/a><\/div>\n                        <div class=\"mec-event-content\">\n                                    <div class=\"mec-event-date mec-bg-color\">\n                        <span class=\"mec-start-date-label\">09 mayo 2026<\/span>                                                                    <\/div>\n                                                                <h4 class=\"mec-event-title\"><a class=\"mec-color-hover\" data-event-id=\"1317\" href=\"https:\/\/laprimaveradelcava.com\/es\/eventos\/cavarovellats\/\" target=\"_self\" rel=\"noopener\">Esencia Rovellats: 3 tapas, 3 cavas<\/a><\/h4>\n                                <p class=\"mec-grid-event-location\">CAVA ROVELLATS, Carretera de la Bleda. 08731 Sant Mart\u00ed Sarroca (Barcelona)<\/p>\n                                <div class=\"mec-shortcode-organizers\"><i class=\"mec-sl-user\"><\/i><ul class=\"mec-organizers\"><li class=\"mec-organizer-item\"><span>Rovellats<\/span><\/li><\/ul><\/div>                                            <\/div>\n            <div class=\"mec-event-footer\">\n                                <ul class=\"mec-event-sharing-wrap\">\n                    <li class=\"mec-event-share\">\n                        <a href=\"#\" class=\"mec-event-share-icon\">\n                            <i class=\"mec-sl-share\" title=\"Share\"><\/i>\n                        <\/a>\n                    <\/li>\n                    <li>\n                        <ul class=\"mec-event-sharing\">\n                            <li class=\"mec-event-social-icon\"><a class=\"facebook\" href=\"https:\/\/www.facebook.com\/sharer\/sharer.php?u=https%3A%2F%2Flaprimaveradelcava.com%2Fes%2Feventos%2Fcavarovellats%2F\" onclick=\"javascript:window.open(this.href, &#039;&#039;, &#039;menubar=no,toolbar=no,resizable=yes,scrollbars=yes,height=500,width=600&#039;); return false;\" target=\"_blank\" title=\"Compartir en Facebook\"><i class=\"mec-fa-facebook\"><\/i><span class=\"mec-social-title\">Facebook<\/span><\/a><\/li><li class=\"mec-event-social-icon\"><a class=\"twitter\" href=\"https:\/\/twitter.com\/share?url=https%3A%2F%2Flaprimaveradelcava.com%2Fes%2Feventos%2Fcavarovellats%2F\" onclick=\"javascript:window.open(this.href, &#039;&#039;, &#039;menubar=no,toolbar=no,resizable=yes,scrollbars=yes,height=600,width=500&#039;); return false;\" target=\"_blank\" title=\"X Social Network\"><svg xmlns=\"http:\/\/www.w3.org\/2000\/svg\" shape-rendering=\"geometricPrecision\" text-rendering=\"geometricPrecision\" image-rendering=\"optimizeQuality\" fill-rule=\"evenodd\" clip-rule=\"evenodd\" viewBox=\"0 0 512 462.799\"><path fill-rule=\"nonzero\" d=\"M403.229 0h78.506L310.219 196.04 512 462.799H354.002L230.261 301.007 88.669 462.799h-78.56l183.455-209.683L0 0h161.999l111.856 147.88L403.229 0zm-27.556 415.805h43.505L138.363 44.527h-46.68l283.99 371.278z\"\/><\/svg><span class=\"mec-social-title\">Twitter<\/span><\/a><\/li><li class=\"mec-event-social-icon\"><a class=\"linkedin\" href=\"https:\/\/www.linkedin.com\/shareArticle?mini=true&amp;url=https%3A%2F%2Flaprimaveradelcava.com%2Fes%2Feventos%2Fcavarovellats%2F\" onclick=\"javascript:window.open(this.href, &#039;&#039;, &#039;menubar=no,toolbar=no,resizable=yes,scrollbars=yes,height=600,width=500&#039;); return false;\" target=\"_blank\" title=\"LinkedIn\"><i class=\"mec-fa-linkedin\"><\/i><span class=\"mec-social-title\">LinkedIn<\/span><\/a><\/li><li class=\"mec-event-social-icon\"><a class=\"whatsapp\" href=\"https:\/\/api.whatsapp.com\/send?text=https%3A%2F%2Flaprimaveradelcava.com%2Fes%2Feventos%2Fcavarovellats%2F\" target=\"_blank\" title=\"Compartir en WhatsApp\"><i class=\"mec-fa-whatsapp\"><\/i><span class=\"mec-social-title\">WhatsApp<\/span><\/a><\/li><li class=\"mec-event-social-icon\"><a class=\"telegram\" href=\"https:\/\/telegram.me\/share\/url?url=https%3A%2F%2Flaprimaveradelcava.com%2Fes%2Feventos%2Fcavarovellats%2F&amp;text=Esencia Rovellats: 3 tapas, 3 cavas\" target=\"_blank\" title=\"Compartir en Telegram\">\n            <i><svg aria-hidden=\"true\" focusable=\"false\" data-prefix=\"fab\" data-icon=\"telegram\" class=\"svg-inline--fa fa-telegram fa-w-16\" role=\"img\" xmlns=\"http:\/\/www.w3.org\/2000\/svg\" viewBox=\"0 0 496 512\"><path fill=\"currentColor\" d=\"M248 8C111 8 0 119 0 256s111 248 248 248 248-111 248-248S385 8 248 8zm121.8 169.9l-40.7 191.8c-3 13.6-11.1 16.9-22.4 10.5l-62-45.7-29.9 28.8c-3.3 3.3-6.1 6.1-12.5 6.1l4.4-63.1 114.9-103.8c5-4.4-1.1-6.9-7.7-2.5l-142 89.4-61.2-19.1c-13.3-4.2-13.6-13.3 2.8-19.7l239.1-92.2c11.1-4 20.8 2.7 17.2 19.5z\"><\/path><\/svg><\/i>\n            <span class=\"mec-social-title\">Telegram<\/span>\n        <\/a><\/li><li class=\"mec-event-social-icon\"><a class=\"email\" href=\"mailto:?subject=Esencia%20Rovellats%3A%203%20tapas%2C%203%20cavas&body=https%3A%2F%2Flaprimaveradelcava.com%2Fes%2Feventos%2Fcavarovellats%2F\" title=\"Correo electr\u00f3nico\"><i class=\"mec-fa-envelope\"><\/i><span class=\"mec-social-title\">Correo electr\u00f3nico<\/span><\/a><\/li>                        <\/ul>\n                    <\/li>\n                <\/ul>\n                                                <a class=\"mec-booking-button\" data-event-id=\"1317\" href=\"https:\/\/laprimaveradelcava.com\/es\/eventos\/cavarovellats\/\" target=\"_self\" rel=\"noopener\">Ver detalle<\/a>            <\/div>\n        <\/article><\/div><\/div>        <div class=\"row\"><div class=\"col-md-4 col-sm-4\"><article class=\" mec-event-article mec-clear  \" itemscope>                    <div class=\"mec-event-image\"><a data-event-id=\"1321\" href=\"https:\/\/laprimaveradelcava.com\/es\/eventos\/carlesandreu\/\" target=\"_self\" rel=\"noopener\"><img decoding=\"async\" width=\"300\" height=\"200\" src=\"https:\/\/laprimaveradelcava.com\/wp-content\/uploads\/2024\/04\/ostres-3-300x200.jpg\" class=\"attachment-medium size-medium wp-post-image\" alt=\"Carles Andreu La Primavera del Cava\" data-mec-postid=\"1321\" \/><\/a><\/div>\n                        <div class=\"mec-event-content\">\n                                    <div class=\"mec-event-date mec-bg-color\">\n                        <span class=\"mec-start-date-label\">09 mayo 2026<\/span>                                                                    <\/div>\n                                                                <h4 class=\"mec-event-title\"><a class=\"mec-color-hover\" data-event-id=\"1321\" href=\"https:\/\/laprimaveradelcava.com\/es\/eventos\/carlesandreu\/\" target=\"_self\" rel=\"noopener\">Vespre d\u2019ostres i cava al Celler Carles Andreu<\/a><\/h4>\n                                <p class=\"mec-grid-event-location\">CELLER CARLES ANDREU, Carrer Sant Sebasti\u00e0, 19. 43423 Pira (Tarragona)<\/p>\n                                <div class=\"mec-shortcode-organizers\"><i class=\"mec-sl-user\"><\/i><ul class=\"mec-organizers\"><li class=\"mec-organizer-item\"><span>Celler Carles Andreu<\/span><\/li><\/ul><\/div>                                            <\/div>\n            <div class=\"mec-event-footer\">\n                                <ul class=\"mec-event-sharing-wrap\">\n                    <li class=\"mec-event-share\">\n                        <a href=\"#\" class=\"mec-event-share-icon\">\n                            <i class=\"mec-sl-share\" title=\"Share\"><\/i>\n                        <\/a>\n                    <\/li>\n                    <li>\n                        <ul class=\"mec-event-sharing\">\n                            <li class=\"mec-event-social-icon\"><a class=\"facebook\" href=\"https:\/\/www.facebook.com\/sharer\/sharer.php?u=https%3A%2F%2Flaprimaveradelcava.com%2Fes%2Feventos%2Fcarlesandreu%2F\" onclick=\"javascript:window.open(this.href, &#039;&#039;, &#039;menubar=no,toolbar=no,resizable=yes,scrollbars=yes,height=500,width=600&#039;); return false;\" target=\"_blank\" title=\"Compartir en Facebook\"><i class=\"mec-fa-facebook\"><\/i><span class=\"mec-social-title\">Facebook<\/span><\/a><\/li><li class=\"mec-event-social-icon\"><a class=\"twitter\" href=\"https:\/\/twitter.com\/share?url=https%3A%2F%2Flaprimaveradelcava.com%2Fes%2Feventos%2Fcarlesandreu%2F\" onclick=\"javascript:window.open(this.href, &#039;&#039;, &#039;menubar=no,toolbar=no,resizable=yes,scrollbars=yes,height=600,width=500&#039;); return false;\" target=\"_blank\" title=\"X Social Network\"><svg xmlns=\"http:\/\/www.w3.org\/2000\/svg\" shape-rendering=\"geometricPrecision\" text-rendering=\"geometricPrecision\" image-rendering=\"optimizeQuality\" fill-rule=\"evenodd\" clip-rule=\"evenodd\" viewBox=\"0 0 512 462.799\"><path fill-rule=\"nonzero\" d=\"M403.229 0h78.506L310.219 196.04 512 462.799H354.002L230.261 301.007 88.669 462.799h-78.56l183.455-209.683L0 0h161.999l111.856 147.88L403.229 0zm-27.556 415.805h43.505L138.363 44.527h-46.68l283.99 371.278z\"\/><\/svg><span class=\"mec-social-title\">Twitter<\/span><\/a><\/li><li class=\"mec-event-social-icon\"><a class=\"linkedin\" href=\"https:\/\/www.linkedin.com\/shareArticle?mini=true&amp;url=https%3A%2F%2Flaprimaveradelcava.com%2Fes%2Feventos%2Fcarlesandreu%2F\" onclick=\"javascript:window.open(this.href, &#039;&#039;, &#039;menubar=no,toolbar=no,resizable=yes,scrollbars=yes,height=600,width=500&#039;); return false;\" target=\"_blank\" title=\"LinkedIn\"><i class=\"mec-fa-linkedin\"><\/i><span class=\"mec-social-title\">LinkedIn<\/span><\/a><\/li><li class=\"mec-event-social-icon\"><a class=\"whatsapp\" href=\"https:\/\/api.whatsapp.com\/send?text=https%3A%2F%2Flaprimaveradelcava.com%2Fes%2Feventos%2Fcarlesandreu%2F\" target=\"_blank\" title=\"Compartir en WhatsApp\"><i class=\"mec-fa-whatsapp\"><\/i><span class=\"mec-social-title\">WhatsApp<\/span><\/a><\/li><li class=\"mec-event-social-icon\"><a class=\"telegram\" href=\"https:\/\/telegram.me\/share\/url?url=https%3A%2F%2Flaprimaveradelcava.com%2Fes%2Feventos%2Fcarlesandreu%2F&amp;text=Vespre d\u2019ostres i cava al Celler Carles Andreu\" target=\"_blank\" title=\"Compartir en Telegram\">\n            <i><svg aria-hidden=\"true\" focusable=\"false\" data-prefix=\"fab\" data-icon=\"telegram\" class=\"svg-inline--fa fa-telegram fa-w-16\" role=\"img\" xmlns=\"http:\/\/www.w3.org\/2000\/svg\" viewBox=\"0 0 496 512\"><path fill=\"currentColor\" d=\"M248 8C111 8 0 119 0 256s111 248 248 248 248-111 248-248S385 8 248 8zm121.8 169.9l-40.7 191.8c-3 13.6-11.1 16.9-22.4 10.5l-62-45.7-29.9 28.8c-3.3 3.3-6.1 6.1-12.5 6.1l4.4-63.1 114.9-103.8c5-4.4-1.1-6.9-7.7-2.5l-142 89.4-61.2-19.1c-13.3-4.2-13.6-13.3 2.8-19.7l239.1-92.2c11.1-4 20.8 2.7 17.2 19.5z\"><\/path><\/svg><\/i>\n            <span class=\"mec-social-title\">Telegram<\/span>\n        <\/a><\/li><li class=\"mec-event-social-icon\"><a class=\"email\" href=\"mailto:?subject=Vespre%20d%E2%80%99ostres%20i%20cava%20al%20Celler%20Carles%20Andreu&body=https%3A%2F%2Flaprimaveradelcava.com%2Fes%2Feventos%2Fcarlesandreu%2F\" title=\"Correo electr\u00f3nico\"><i class=\"mec-fa-envelope\"><\/i><span class=\"mec-social-title\">Correo electr\u00f3nico<\/span><\/a><\/li>                        <\/ul>\n                    <\/li>\n                <\/ul>\n                                                <a class=\"mec-booking-button\" data-event-id=\"1321\" href=\"https:\/\/laprimaveradelcava.com\/es\/eventos\/carlesandreu\/\" target=\"_self\" rel=\"noopener\">Ver detalle<\/a>            <\/div>\n        <\/article><\/div>                <div class=\"col-md-4 col-sm-4\"><article class=\" mec-event-article mec-clear  \" itemscope>                    <div class=\"mec-event-image\"><a data-event-id=\"1314\" href=\"https:\/\/laprimaveradelcava.com\/es\/eventos\/canalsimunne\/\" target=\"_self\" rel=\"noopener\"><img decoding=\"async\" width=\"300\" height=\"200\" src=\"https:\/\/laprimaveradelcava.com\/wp-content\/uploads\/2025\/03\/Canals-i-Munne-La-Primavera-del-Cava-1-300x200.png\" class=\"attachment-medium size-medium wp-post-image\" alt=\"Canals &amp; Munn\u00e9\" data-mec-postid=\"1314\" \/><\/a><\/div>\n                        <div class=\"mec-event-content\">\n                                    <div class=\"mec-event-date mec-bg-color\">\n                        <span class=\"mec-start-date-label\">16 mayo 2026<\/span>                                                                    <\/div>\n                                                                <h4 class=\"mec-event-title\"><a class=\"mec-color-hover\" data-event-id=\"1314\" href=\"https:\/\/laprimaveradelcava.com\/es\/eventos\/canalsimunne\/\" target=\"_self\" rel=\"noopener\">Desayuno de pay\u00e9s + Maridaje de 5 chocolates con cava, licor y mosto<\/a><\/h4>\n                                <p class=\"mec-grid-event-location\">CANALS &amp; MUNN\u00c9, LA CAVA NOVA. Carretera de San Sadurn\u00ed a Carretera de Vilafranca del Pened\u00e8s, Km 0,5. 08770 Sant Sadurn\u00ed d'Anoia (Barcelona)<\/p>\n                                <div class=\"mec-shortcode-organizers\"><i class=\"mec-sl-user\"><\/i><ul class=\"mec-organizers\"><li class=\"mec-organizer-item\"><span>Canals &amp; Munn\u00e9<\/span><\/li><\/ul><\/div>                                            <\/div>\n            <div class=\"mec-event-footer\">\n                                <ul class=\"mec-event-sharing-wrap\">\n                    <li class=\"mec-event-share\">\n                        <a href=\"#\" class=\"mec-event-share-icon\">\n                            <i class=\"mec-sl-share\" title=\"Share\"><\/i>\n                        <\/a>\n                    <\/li>\n                    <li>\n                        <ul class=\"mec-event-sharing\">\n                            <li class=\"mec-event-social-icon\"><a class=\"facebook\" href=\"https:\/\/www.facebook.com\/sharer\/sharer.php?u=https%3A%2F%2Flaprimaveradelcava.com%2Fes%2Feventos%2Fcanalsimunne%2F\" onclick=\"javascript:window.open(this.href, &#039;&#039;, &#039;menubar=no,toolbar=no,resizable=yes,scrollbars=yes,height=500,width=600&#039;); return false;\" target=\"_blank\" title=\"Compartir en Facebook\"><i class=\"mec-fa-facebook\"><\/i><span class=\"mec-social-title\">Facebook<\/span><\/a><\/li><li class=\"mec-event-social-icon\"><a class=\"twitter\" href=\"https:\/\/twitter.com\/share?url=https%3A%2F%2Flaprimaveradelcava.com%2Fes%2Feventos%2Fcanalsimunne%2F\" onclick=\"javascript:window.open(this.href, &#039;&#039;, &#039;menubar=no,toolbar=no,resizable=yes,scrollbars=yes,height=600,width=500&#039;); return false;\" target=\"_blank\" title=\"X Social Network\"><svg xmlns=\"http:\/\/www.w3.org\/2000\/svg\" shape-rendering=\"geometricPrecision\" text-rendering=\"geometricPrecision\" image-rendering=\"optimizeQuality\" fill-rule=\"evenodd\" clip-rule=\"evenodd\" viewBox=\"0 0 512 462.799\"><path fill-rule=\"nonzero\" d=\"M403.229 0h78.506L310.219 196.04 512 462.799H354.002L230.261 301.007 88.669 462.799h-78.56l183.455-209.683L0 0h161.999l111.856 147.88L403.229 0zm-27.556 415.805h43.505L138.363 44.527h-46.68l283.99 371.278z\"\/><\/svg><span class=\"mec-social-title\">Twitter<\/span><\/a><\/li><li class=\"mec-event-social-icon\"><a class=\"linkedin\" href=\"https:\/\/www.linkedin.com\/shareArticle?mini=true&amp;url=https%3A%2F%2Flaprimaveradelcava.com%2Fes%2Feventos%2Fcanalsimunne%2F\" onclick=\"javascript:window.open(this.href, &#039;&#039;, &#039;menubar=no,toolbar=no,resizable=yes,scrollbars=yes,height=600,width=500&#039;); return false;\" target=\"_blank\" title=\"LinkedIn\"><i class=\"mec-fa-linkedin\"><\/i><span class=\"mec-social-title\">LinkedIn<\/span><\/a><\/li><li class=\"mec-event-social-icon\"><a class=\"whatsapp\" href=\"https:\/\/api.whatsapp.com\/send?text=https%3A%2F%2Flaprimaveradelcava.com%2Fes%2Feventos%2Fcanalsimunne%2F\" target=\"_blank\" title=\"Compartir en WhatsApp\"><i class=\"mec-fa-whatsapp\"><\/i><span class=\"mec-social-title\">WhatsApp<\/span><\/a><\/li><li class=\"mec-event-social-icon\"><a class=\"telegram\" href=\"https:\/\/telegram.me\/share\/url?url=https%3A%2F%2Flaprimaveradelcava.com%2Fes%2Feventos%2Fcanalsimunne%2F&amp;text=Desayuno de pay\u00e9s + Maridaje de 5 chocolates con cava, licor y mosto\" target=\"_blank\" title=\"Compartir en Telegram\">\n            <i><svg aria-hidden=\"true\" focusable=\"false\" data-prefix=\"fab\" data-icon=\"telegram\" class=\"svg-inline--fa fa-telegram fa-w-16\" role=\"img\" xmlns=\"http:\/\/www.w3.org\/2000\/svg\" viewBox=\"0 0 496 512\"><path fill=\"currentColor\" d=\"M248 8C111 8 0 119 0 256s111 248 248 248 248-111 248-248S385 8 248 8zm121.8 169.9l-40.7 191.8c-3 13.6-11.1 16.9-22.4 10.5l-62-45.7-29.9 28.8c-3.3 3.3-6.1 6.1-12.5 6.1l4.4-63.1 114.9-103.8c5-4.4-1.1-6.9-7.7-2.5l-142 89.4-61.2-19.1c-13.3-4.2-13.6-13.3 2.8-19.7l239.1-92.2c11.1-4 20.8 2.7 17.2 19.5z\"><\/path><\/svg><\/i>\n            <span class=\"mec-social-title\">Telegram<\/span>\n        <\/a><\/li><li class=\"mec-event-social-icon\"><a class=\"email\" href=\"mailto:?subject=Desayuno%20de%20pay%C3%A9s%20%2B%20Maridaje%20de%205%20chocolates%20con%20cava%2C%20licor%20y%20mosto&body=https%3A%2F%2Flaprimaveradelcava.com%2Fes%2Feventos%2Fcanalsimunne%2F\" title=\"Correo electr\u00f3nico\"><i class=\"mec-fa-envelope\"><\/i><span class=\"mec-social-title\">Correo electr\u00f3nico<\/span><\/a><\/li>                        <\/ul>\n                    <\/li>\n                <\/ul>\n                                                <a class=\"mec-booking-button\" data-event-id=\"1314\" href=\"https:\/\/laprimaveradelcava.com\/es\/eventos\/canalsimunne\/\" target=\"_self\" rel=\"noopener\">Ver detalle<\/a>            <\/div>\n        <\/article><\/div>        <div class=\"col-md-4 col-sm-4\"><article class=\" mec-event-article mec-clear  \" itemscope>                    <div class=\"mec-event-image\"><a data-event-id=\"1316\" href=\"https:\/\/laprimaveradelcava.com\/es\/eventos\/umesu\/\" target=\"_self\" rel=\"noopener\"><img decoding=\"async\" width=\"300\" height=\"200\" src=\"https:\/\/laprimaveradelcava.com\/wp-content\/uploads\/2025\/01\/u-mes-u-300x200.png\" class=\"attachment-medium size-medium wp-post-image\" alt=\"\" data-mec-postid=\"1316\" \/><\/a><\/div>\n                        <div class=\"mec-event-content\">\n                                    <div class=\"mec-event-date mec-bg-color\">\n                        <span class=\"mec-start-date-label\">16 mayo 2026<\/span>                                                                    <\/div>\n                                                                <h4 class=\"mec-event-title\"><a class=\"mec-color-hover\" data-event-id=\"1316\" href=\"https:\/\/laprimaveradelcava.com\/es\/eventos\/umesu\/\" target=\"_self\" rel=\"noopener\">Visita exclusiva, aperitivo con 3 cavas y cata en la cripta<\/a><\/h4>\n                                <p class=\"mec-grid-event-location\">U MES U, Mas Roman\u00ed S\/N, 08736 Font-Rub\u00ed (Barcelona)<\/p>\n                                <div class=\"mec-shortcode-organizers\"><i class=\"mec-sl-user\"><\/i><ul class=\"mec-organizers\"><li class=\"mec-organizer-item\"><span>U MES U<\/span><\/li><\/ul><\/div>                                            <\/div>\n            <div class=\"mec-event-footer\">\n                                <ul class=\"mec-event-sharing-wrap\">\n                    <li class=\"mec-event-share\">\n                        <a href=\"#\" class=\"mec-event-share-icon\">\n                            <i class=\"mec-sl-share\" title=\"Share\"><\/i>\n                        <\/a>\n                    <\/li>\n                    <li>\n                        <ul class=\"mec-event-sharing\">\n                            <li class=\"mec-event-social-icon\"><a class=\"facebook\" href=\"https:\/\/www.facebook.com\/sharer\/sharer.php?u=https%3A%2F%2Flaprimaveradelcava.com%2Fes%2Feventos%2Fumesu%2F\" onclick=\"javascript:window.open(this.href, &#039;&#039;, &#039;menubar=no,toolbar=no,resizable=yes,scrollbars=yes,height=500,width=600&#039;); return false;\" target=\"_blank\" title=\"Compartir en Facebook\"><i class=\"mec-fa-facebook\"><\/i><span class=\"mec-social-title\">Facebook<\/span><\/a><\/li><li class=\"mec-event-social-icon\"><a class=\"twitter\" href=\"https:\/\/twitter.com\/share?url=https%3A%2F%2Flaprimaveradelcava.com%2Fes%2Feventos%2Fumesu%2F\" onclick=\"javascript:window.open(this.href, &#039;&#039;, &#039;menubar=no,toolbar=no,resizable=yes,scrollbars=yes,height=600,width=500&#039;); return false;\" target=\"_blank\" title=\"X Social Network\"><svg xmlns=\"http:\/\/www.w3.org\/2000\/svg\" shape-rendering=\"geometricPrecision\" text-rendering=\"geometricPrecision\" image-rendering=\"optimizeQuality\" fill-rule=\"evenodd\" clip-rule=\"evenodd\" viewBox=\"0 0 512 462.799\"><path fill-rule=\"nonzero\" d=\"M403.229 0h78.506L310.219 196.04 512 462.799H354.002L230.261 301.007 88.669 462.799h-78.56l183.455-209.683L0 0h161.999l111.856 147.88L403.229 0zm-27.556 415.805h43.505L138.363 44.527h-46.68l283.99 371.278z\"\/><\/svg><span class=\"mec-social-title\">Twitter<\/span><\/a><\/li><li class=\"mec-event-social-icon\"><a class=\"linkedin\" href=\"https:\/\/www.linkedin.com\/shareArticle?mini=true&amp;url=https%3A%2F%2Flaprimaveradelcava.com%2Fes%2Feventos%2Fumesu%2F\" onclick=\"javascript:window.open(this.href, &#039;&#039;, &#039;menubar=no,toolbar=no,resizable=yes,scrollbars=yes,height=600,width=500&#039;); return false;\" target=\"_blank\" title=\"LinkedIn\"><i class=\"mec-fa-linkedin\"><\/i><span class=\"mec-social-title\">LinkedIn<\/span><\/a><\/li><li class=\"mec-event-social-icon\"><a class=\"whatsapp\" href=\"https:\/\/api.whatsapp.com\/send?text=https%3A%2F%2Flaprimaveradelcava.com%2Fes%2Feventos%2Fumesu%2F\" target=\"_blank\" title=\"Compartir en WhatsApp\"><i class=\"mec-fa-whatsapp\"><\/i><span class=\"mec-social-title\">WhatsApp<\/span><\/a><\/li><li class=\"mec-event-social-icon\"><a class=\"telegram\" href=\"https:\/\/telegram.me\/share\/url?url=https%3A%2F%2Flaprimaveradelcava.com%2Fes%2Feventos%2Fumesu%2F&amp;text=Visita exclusiva, aperitivo con 3 cavas y cata en la cripta\" target=\"_blank\" title=\"Compartir en Telegram\">\n            <i><svg aria-hidden=\"true\" focusable=\"false\" data-prefix=\"fab\" data-icon=\"telegram\" class=\"svg-inline--fa fa-telegram fa-w-16\" role=\"img\" xmlns=\"http:\/\/www.w3.org\/2000\/svg\" viewBox=\"0 0 496 512\"><path fill=\"currentColor\" d=\"M248 8C111 8 0 119 0 256s111 248 248 248 248-111 248-248S385 8 248 8zm121.8 169.9l-40.7 191.8c-3 13.6-11.1 16.9-22.4 10.5l-62-45.7-29.9 28.8c-3.3 3.3-6.1 6.1-12.5 6.1l4.4-63.1 114.9-103.8c5-4.4-1.1-6.9-7.7-2.5l-142 89.4-61.2-19.1c-13.3-4.2-13.6-13.3 2.8-19.7l239.1-92.2c11.1-4 20.8 2.7 17.2 19.5z\"><\/path><\/svg><\/i>\n            <span class=\"mec-social-title\">Telegram<\/span>\n        <\/a><\/li><li class=\"mec-event-social-icon\"><a class=\"email\" href=\"mailto:?subject=Visita%20exclusiva%2C%20aperitivo%20con%203%20cavas%20y%20cata%20en%20la%20cripta&body=https%3A%2F%2Flaprimaveradelcava.com%2Fes%2Feventos%2Fumesu%2F\" title=\"Correo electr\u00f3nico\"><i class=\"mec-fa-envelope\"><\/i><span class=\"mec-social-title\">Correo electr\u00f3nico<\/span><\/a><\/li>                        <\/ul>\n                    <\/li>\n                <\/ul>\n                                                <a class=\"mec-booking-button\" data-event-id=\"1316\" href=\"https:\/\/laprimaveradelcava.com\/es\/eventos\/umesu\/\" target=\"_self\" rel=\"noopener\">Ver detalle<\/a>            <\/div>\n        <\/article><\/div><\/div>        <div class=\"row\"><div class=\"col-md-4 col-sm-4\"><article class=\" mec-event-article mec-clear  \" itemscope>                    <div class=\"mec-event-image\"><a data-event-id=\"1962\" href=\"https:\/\/laprimaveradelcava.com\/es\/eventos\/cavajovani\/\" target=\"_self\" rel=\"noopener\"><img decoding=\"async\" width=\"300\" height=\"200\" src=\"https:\/\/laprimaveradelcava.com\/wp-content\/uploads\/2026\/03\/La-Primavera-del-Cava-Jovani-Vins-4-300x200.png\" class=\"attachment-medium size-medium wp-post-image\" alt=\"cava jovani\" data-mec-postid=\"1962\" \/><\/a><\/div>\n                        <div class=\"mec-event-content\">\n                                    <div class=\"mec-event-date mec-bg-color\">\n                        <span class=\"mec-start-date-label\">16 mayo 2026<\/span>                                                                    <\/div>\n                                                                <h4 class=\"mec-event-title\"><a class=\"mec-color-hover\" data-event-id=\"1962\" href=\"https:\/\/laprimaveradelcava.com\/es\/eventos\/cavajovani\/\" target=\"_self\" rel=\"noopener\">De cuando el vi\u00f1edo llora a cuando florece: Cata de 4 cavas con maridajes y vermut mediterr\u00e1neo<\/a><\/h4>\n                                <p class=\"mec-grid-event-location\">JOVANI VINS, Les Conilleres, 1 (La Conillera Gran). 08732 \u2013 Castellv\u00ed de la Marca. Alt Pened\u00e8s, Barcelona<\/p>\n                                <div class=\"mec-shortcode-organizers\"><i class=\"mec-sl-user\"><\/i><ul class=\"mec-organizers\"><li class=\"mec-organizer-item\"><span>Jovani Vins<\/span><\/li><\/ul><\/div>                                            <\/div>\n            <div class=\"mec-event-footer\">\n                                <ul class=\"mec-event-sharing-wrap\">\n                    <li class=\"mec-event-share\">\n                        <a href=\"#\" class=\"mec-event-share-icon\">\n                            <i class=\"mec-sl-share\" title=\"Share\"><\/i>\n                        <\/a>\n                    <\/li>\n                    <li>\n                        <ul class=\"mec-event-sharing\">\n                            <li class=\"mec-event-social-icon\"><a class=\"facebook\" href=\"https:\/\/www.facebook.com\/sharer\/sharer.php?u=https%3A%2F%2Flaprimaveradelcava.com%2Fes%2Feventos%2Fcavajovani%2F\" onclick=\"javascript:window.open(this.href, &#039;&#039;, &#039;menubar=no,toolbar=no,resizable=yes,scrollbars=yes,height=500,width=600&#039;); return false;\" target=\"_blank\" title=\"Compartir en Facebook\"><i class=\"mec-fa-facebook\"><\/i><span class=\"mec-social-title\">Facebook<\/span><\/a><\/li><li class=\"mec-event-social-icon\"><a class=\"twitter\" href=\"https:\/\/twitter.com\/share?url=https%3A%2F%2Flaprimaveradelcava.com%2Fes%2Feventos%2Fcavajovani%2F\" onclick=\"javascript:window.open(this.href, &#039;&#039;, &#039;menubar=no,toolbar=no,resizable=yes,scrollbars=yes,height=600,width=500&#039;); return false;\" target=\"_blank\" title=\"X Social Network\"><svg xmlns=\"http:\/\/www.w3.org\/2000\/svg\" shape-rendering=\"geometricPrecision\" text-rendering=\"geometricPrecision\" image-rendering=\"optimizeQuality\" fill-rule=\"evenodd\" clip-rule=\"evenodd\" viewBox=\"0 0 512 462.799\"><path fill-rule=\"nonzero\" d=\"M403.229 0h78.506L310.219 196.04 512 462.799H354.002L230.261 301.007 88.669 462.799h-78.56l183.455-209.683L0 0h161.999l111.856 147.88L403.229 0zm-27.556 415.805h43.505L138.363 44.527h-46.68l283.99 371.278z\"\/><\/svg><span class=\"mec-social-title\">Twitter<\/span><\/a><\/li><li class=\"mec-event-social-icon\"><a class=\"linkedin\" href=\"https:\/\/www.linkedin.com\/shareArticle?mini=true&amp;url=https%3A%2F%2Flaprimaveradelcava.com%2Fes%2Feventos%2Fcavajovani%2F\" onclick=\"javascript:window.open(this.href, &#039;&#039;, &#039;menubar=no,toolbar=no,resizable=yes,scrollbars=yes,height=600,width=500&#039;); return false;\" target=\"_blank\" title=\"LinkedIn\"><i class=\"mec-fa-linkedin\"><\/i><span class=\"mec-social-title\">LinkedIn<\/span><\/a><\/li><li class=\"mec-event-social-icon\"><a class=\"whatsapp\" href=\"https:\/\/api.whatsapp.com\/send?text=https%3A%2F%2Flaprimaveradelcava.com%2Fes%2Feventos%2Fcavajovani%2F\" target=\"_blank\" title=\"Compartir en WhatsApp\"><i class=\"mec-fa-whatsapp\"><\/i><span class=\"mec-social-title\">WhatsApp<\/span><\/a><\/li><li class=\"mec-event-social-icon\"><a class=\"telegram\" href=\"https:\/\/telegram.me\/share\/url?url=https%3A%2F%2Flaprimaveradelcava.com%2Fes%2Feventos%2Fcavajovani%2F&amp;text=De cuando el vi\u00f1edo llora a cuando florece: Cata de 4 cavas con maridajes y vermut mediterr\u00e1neo\" target=\"_blank\" title=\"Compartir en Telegram\">\n            <i><svg aria-hidden=\"true\" focusable=\"false\" data-prefix=\"fab\" data-icon=\"telegram\" class=\"svg-inline--fa fa-telegram fa-w-16\" role=\"img\" xmlns=\"http:\/\/www.w3.org\/2000\/svg\" viewBox=\"0 0 496 512\"><path fill=\"currentColor\" d=\"M248 8C111 8 0 119 0 256s111 248 248 248 248-111 248-248S385 8 248 8zm121.8 169.9l-40.7 191.8c-3 13.6-11.1 16.9-22.4 10.5l-62-45.7-29.9 28.8c-3.3 3.3-6.1 6.1-12.5 6.1l4.4-63.1 114.9-103.8c5-4.4-1.1-6.9-7.7-2.5l-142 89.4-61.2-19.1c-13.3-4.2-13.6-13.3 2.8-19.7l239.1-92.2c11.1-4 20.8 2.7 17.2 19.5z\"><\/path><\/svg><\/i>\n            <span class=\"mec-social-title\">Telegram<\/span>\n        <\/a><\/li><li class=\"mec-event-social-icon\"><a class=\"email\" href=\"mailto:?subject=De%20cuando%20el%20vi%C3%B1edo%20llora%20a%20cuando%20florece%3A%20Cata%20de%204%20cavas%20con%20maridajes%20y%20vermut%20mediterr%C3%A1neo&body=https%3A%2F%2Flaprimaveradelcava.com%2Fes%2Feventos%2Fcavajovani%2F\" title=\"Correo electr\u00f3nico\"><i class=\"mec-fa-envelope\"><\/i><span class=\"mec-social-title\">Correo electr\u00f3nico<\/span><\/a><\/li>                        <\/ul>\n                    <\/li>\n                <\/ul>\n                                                <a class=\"mec-booking-button\" data-event-id=\"1962\" href=\"https:\/\/laprimaveradelcava.com\/es\/eventos\/cavajovani\/\" target=\"_self\" rel=\"noopener\">Ver detalle<\/a>            <\/div>\n        <\/article><\/div>        <div class=\"col-md-4 col-sm-4\"><article class=\" mec-event-article mec-clear  \" itemscope>                    <div class=\"mec-event-image\"><a data-event-id=\"1965\" href=\"https:\/\/laprimaveradelcava.com\/es\/eventos\/masiatorreblanca\/\" target=\"_self\" rel=\"noopener\"><img decoding=\"async\" width=\"300\" height=\"200\" src=\"https:\/\/laprimaveradelcava.com\/wp-content\/uploads\/2026\/03\/La-Primavera-del-Cava-Masia-Torreblanca-1-300x200.png\" class=\"attachment-medium size-medium wp-post-image\" alt=\"vinyes torreblanca\" data-mec-postid=\"1965\" \/><\/a><\/div>\n                        <div class=\"mec-event-content\">\n                                    <div class=\"mec-event-date mec-bg-color\">\n                        <span class=\"mec-start-date-label\">16 mayo 2026<\/span>                                                                    <\/div>\n                                                                <h4 class=\"mec-event-title\"><a class=\"mec-color-hover\" data-event-id=\"1965\" href=\"https:\/\/laprimaveradelcava.com\/es\/eventos\/masiatorreblanca\/\" target=\"_self\" rel=\"noopener\">Cata muy sorprendente y brunch con vistas a los vi\u00f1edos<\/a><\/h4>\n                                <p class=\"mec-grid-event-location\">MASIA TORREBLANCA, Carrer Torre Blanca. 08734 \u2013 Sant Miquel d\u2019Ol\u00e8rdola (Barcelona)<\/p>\n                                <div class=\"mec-shortcode-organizers\"><i class=\"mec-sl-user\"><\/i><ul class=\"mec-organizers\"><li class=\"mec-organizer-item\"><span>Masia Torreblanca<\/span><\/li><\/ul><\/div>                                            <\/div>\n            <div class=\"mec-event-footer\">\n                                <ul class=\"mec-event-sharing-wrap\">\n                    <li class=\"mec-event-share\">\n                        <a href=\"#\" class=\"mec-event-share-icon\">\n                            <i class=\"mec-sl-share\" title=\"Share\"><\/i>\n                        <\/a>\n                    <\/li>\n                    <li>\n                        <ul class=\"mec-event-sharing\">\n                            <li class=\"mec-event-social-icon\"><a class=\"facebook\" href=\"https:\/\/www.facebook.com\/sharer\/sharer.php?u=https%3A%2F%2Flaprimaveradelcava.com%2Fes%2Feventos%2Fmasiatorreblanca%2F\" onclick=\"javascript:window.open(this.href, &#039;&#039;, &#039;menubar=no,toolbar=no,resizable=yes,scrollbars=yes,height=500,width=600&#039;); return false;\" target=\"_blank\" title=\"Compartir en Facebook\"><i class=\"mec-fa-facebook\"><\/i><span class=\"mec-social-title\">Facebook<\/span><\/a><\/li><li class=\"mec-event-social-icon\"><a class=\"twitter\" href=\"https:\/\/twitter.com\/share?url=https%3A%2F%2Flaprimaveradelcava.com%2Fes%2Feventos%2Fmasiatorreblanca%2F\" onclick=\"javascript:window.open(this.href, &#039;&#039;, &#039;menubar=no,toolbar=no,resizable=yes,scrollbars=yes,height=600,width=500&#039;); return false;\" target=\"_blank\" title=\"X Social Network\"><svg xmlns=\"http:\/\/www.w3.org\/2000\/svg\" shape-rendering=\"geometricPrecision\" text-rendering=\"geometricPrecision\" image-rendering=\"optimizeQuality\" fill-rule=\"evenodd\" clip-rule=\"evenodd\" viewBox=\"0 0 512 462.799\"><path fill-rule=\"nonzero\" d=\"M403.229 0h78.506L310.219 196.04 512 462.799H354.002L230.261 301.007 88.669 462.799h-78.56l183.455-209.683L0 0h161.999l111.856 147.88L403.229 0zm-27.556 415.805h43.505L138.363 44.527h-46.68l283.99 371.278z\"\/><\/svg><span class=\"mec-social-title\">Twitter<\/span><\/a><\/li><li class=\"mec-event-social-icon\"><a class=\"linkedin\" href=\"https:\/\/www.linkedin.com\/shareArticle?mini=true&amp;url=https%3A%2F%2Flaprimaveradelcava.com%2Fes%2Feventos%2Fmasiatorreblanca%2F\" onclick=\"javascript:window.open(this.href, &#039;&#039;, &#039;menubar=no,toolbar=no,resizable=yes,scrollbars=yes,height=600,width=500&#039;); return false;\" target=\"_blank\" title=\"LinkedIn\"><i class=\"mec-fa-linkedin\"><\/i><span class=\"mec-social-title\">LinkedIn<\/span><\/a><\/li><li class=\"mec-event-social-icon\"><a class=\"whatsapp\" href=\"https:\/\/api.whatsapp.com\/send?text=https%3A%2F%2Flaprimaveradelcava.com%2Fes%2Feventos%2Fmasiatorreblanca%2F\" target=\"_blank\" title=\"Compartir en WhatsApp\"><i class=\"mec-fa-whatsapp\"><\/i><span class=\"mec-social-title\">WhatsApp<\/span><\/a><\/li><li class=\"mec-event-social-icon\"><a class=\"telegram\" href=\"https:\/\/telegram.me\/share\/url?url=https%3A%2F%2Flaprimaveradelcava.com%2Fes%2Feventos%2Fmasiatorreblanca%2F&amp;text=Cata muy sorprendente y brunch con vistas a los vi\u00f1edos\" target=\"_blank\" title=\"Compartir en Telegram\">\n            <i><svg aria-hidden=\"true\" focusable=\"false\" data-prefix=\"fab\" data-icon=\"telegram\" class=\"svg-inline--fa fa-telegram fa-w-16\" role=\"img\" xmlns=\"http:\/\/www.w3.org\/2000\/svg\" viewBox=\"0 0 496 512\"><path fill=\"currentColor\" d=\"M248 8C111 8 0 119 0 256s111 248 248 248 248-111 248-248S385 8 248 8zm121.8 169.9l-40.7 191.8c-3 13.6-11.1 16.9-22.4 10.5l-62-45.7-29.9 28.8c-3.3 3.3-6.1 6.1-12.5 6.1l4.4-63.1 114.9-103.8c5-4.4-1.1-6.9-7.7-2.5l-142 89.4-61.2-19.1c-13.3-4.2-13.6-13.3 2.8-19.7l239.1-92.2c11.1-4 20.8 2.7 17.2 19.5z\"><\/path><\/svg><\/i>\n            <span class=\"mec-social-title\">Telegram<\/span>\n        <\/a><\/li><li class=\"mec-event-social-icon\"><a class=\"email\" href=\"mailto:?subject=Cata%20muy%20sorprendente%20y%20brunch%20con%20vistas%20a%20los%20vi%C3%B1edos&body=https%3A%2F%2Flaprimaveradelcava.com%2Fes%2Feventos%2Fmasiatorreblanca%2F\" title=\"Correo electr\u00f3nico\"><i class=\"mec-fa-envelope\"><\/i><span class=\"mec-social-title\">Correo electr\u00f3nico<\/span><\/a><\/li>                        <\/ul>\n                    <\/li>\n                <\/ul>\n                                                <a class=\"mec-booking-button\" data-event-id=\"1965\" href=\"https:\/\/laprimaveradelcava.com\/es\/eventos\/masiatorreblanca\/\" target=\"_self\" rel=\"noopener\">Ver detalle<\/a>            <\/div>\n        <\/article><\/div>                <div class=\"col-md-4 col-sm-4\"><article class=\" mec-event-article mec-clear  \" itemscope>                    <div class=\"mec-event-image\"><a data-event-id=\"1960\" href=\"https:\/\/laprimaveradelcava.com\/es\/eventos\/batllori\/\" target=\"_self\" rel=\"noopener\"><img decoding=\"async\" width=\"300\" height=\"200\" src=\"https:\/\/laprimaveradelcava.com\/wp-content\/uploads\/2026\/03\/batllori-La-Primavera-del-Cava-5-1-300x200.png\" class=\"attachment-medium size-medium wp-post-image\" alt=\"batllori\" data-mec-postid=\"1960\" \/><\/a><\/div>\n                        <div class=\"mec-event-content\">\n                                    <div class=\"mec-event-date mec-bg-color\">\n                        <span class=\"mec-start-date-label\">17 mayo 2026<\/span>                                                                    <\/div>\n                                                                <h4 class=\"mec-event-title\"><a class=\"mec-color-hover\" data-event-id=\"1960\" href=\"https:\/\/laprimaveradelcava.com\/es\/eventos\/batllori\/\" target=\"_self\" rel=\"noopener\">Brunch entre vi\u00f1edos y f\u00f3siles<\/a><\/h4>\n                                <p class=\"mec-grid-event-location\">BATLLORI, Els Casots s\/n, 08739 - Subirats (Barcelona)<\/p>\n                                <div class=\"mec-shortcode-organizers\"><i class=\"mec-sl-user\"><\/i><ul class=\"mec-organizers\"><li class=\"mec-organizer-item\"><span>Batllori<\/span><\/li><\/ul><\/div>                                            <\/div>\n            <div class=\"mec-event-footer\">\n                                <ul class=\"mec-event-sharing-wrap\">\n                    <li class=\"mec-event-share\">\n                        <a href=\"#\" class=\"mec-event-share-icon\">\n                            <i class=\"mec-sl-share\" title=\"Share\"><\/i>\n                        <\/a>\n                    <\/li>\n                    <li>\n                        <ul class=\"mec-event-sharing\">\n                            <li class=\"mec-event-social-icon\"><a class=\"facebook\" href=\"https:\/\/www.facebook.com\/sharer\/sharer.php?u=https%3A%2F%2Flaprimaveradelcava.com%2Fes%2Feventos%2Fbatllori%2F\" onclick=\"javascript:window.open(this.href, &#039;&#039;, &#039;menubar=no,toolbar=no,resizable=yes,scrollbars=yes,height=500,width=600&#039;); return false;\" target=\"_blank\" title=\"Compartir en Facebook\"><i class=\"mec-fa-facebook\"><\/i><span class=\"mec-social-title\">Facebook<\/span><\/a><\/li><li class=\"mec-event-social-icon\"><a class=\"twitter\" href=\"https:\/\/twitter.com\/share?url=https%3A%2F%2Flaprimaveradelcava.com%2Fes%2Feventos%2Fbatllori%2F\" onclick=\"javascript:window.open(this.href, &#039;&#039;, &#039;menubar=no,toolbar=no,resizable=yes,scrollbars=yes,height=600,width=500&#039;); return false;\" target=\"_blank\" title=\"X Social Network\"><svg xmlns=\"http:\/\/www.w3.org\/2000\/svg\" shape-rendering=\"geometricPrecision\" text-rendering=\"geometricPrecision\" image-rendering=\"optimizeQuality\" fill-rule=\"evenodd\" clip-rule=\"evenodd\" viewBox=\"0 0 512 462.799\"><path fill-rule=\"nonzero\" d=\"M403.229 0h78.506L310.219 196.04 512 462.799H354.002L230.261 301.007 88.669 462.799h-78.56l183.455-209.683L0 0h161.999l111.856 147.88L403.229 0zm-27.556 415.805h43.505L138.363 44.527h-46.68l283.99 371.278z\"\/><\/svg><span class=\"mec-social-title\">Twitter<\/span><\/a><\/li><li class=\"mec-event-social-icon\"><a class=\"linkedin\" href=\"https:\/\/www.linkedin.com\/shareArticle?mini=true&amp;url=https%3A%2F%2Flaprimaveradelcava.com%2Fes%2Feventos%2Fbatllori%2F\" onclick=\"javascript:window.open(this.href, &#039;&#039;, &#039;menubar=no,toolbar=no,resizable=yes,scrollbars=yes,height=600,width=500&#039;); return false;\" target=\"_blank\" title=\"LinkedIn\"><i class=\"mec-fa-linkedin\"><\/i><span class=\"mec-social-title\">LinkedIn<\/span><\/a><\/li><li class=\"mec-event-social-icon\"><a class=\"whatsapp\" href=\"https:\/\/api.whatsapp.com\/send?text=https%3A%2F%2Flaprimaveradelcava.com%2Fes%2Feventos%2Fbatllori%2F\" target=\"_blank\" title=\"Compartir en WhatsApp\"><i class=\"mec-fa-whatsapp\"><\/i><span class=\"mec-social-title\">WhatsApp<\/span><\/a><\/li><li class=\"mec-event-social-icon\"><a class=\"telegram\" href=\"https:\/\/telegram.me\/share\/url?url=https%3A%2F%2Flaprimaveradelcava.com%2Fes%2Feventos%2Fbatllori%2F&amp;text=Brunch entre vi\u00f1edos y f\u00f3siles\" target=\"_blank\" title=\"Compartir en Telegram\">\n            <i><svg aria-hidden=\"true\" focusable=\"false\" data-prefix=\"fab\" data-icon=\"telegram\" class=\"svg-inline--fa fa-telegram fa-w-16\" role=\"img\" xmlns=\"http:\/\/www.w3.org\/2000\/svg\" viewBox=\"0 0 496 512\"><path fill=\"currentColor\" d=\"M248 8C111 8 0 119 0 256s111 248 248 248 248-111 248-248S385 8 248 8zm121.8 169.9l-40.7 191.8c-3 13.6-11.1 16.9-22.4 10.5l-62-45.7-29.9 28.8c-3.3 3.3-6.1 6.1-12.5 6.1l4.4-63.1 114.9-103.8c5-4.4-1.1-6.9-7.7-2.5l-142 89.4-61.2-19.1c-13.3-4.2-13.6-13.3 2.8-19.7l239.1-92.2c11.1-4 20.8 2.7 17.2 19.5z\"><\/path><\/svg><\/i>\n            <span class=\"mec-social-title\">Telegram<\/span>\n        <\/a><\/li><li class=\"mec-event-social-icon\"><a class=\"email\" href=\"mailto:?subject=Brunch%20entre%20vi%C3%B1edos%20y%20f%C3%B3siles&body=https%3A%2F%2Flaprimaveradelcava.com%2Fes%2Feventos%2Fbatllori%2F\" title=\"Correo electr\u00f3nico\"><i class=\"mec-fa-envelope\"><\/i><span class=\"mec-social-title\">Correo electr\u00f3nico<\/span><\/a><\/li>                        <\/ul>\n                    <\/li>\n                <\/ul>\n                                                <a class=\"mec-booking-button\" data-event-id=\"1960\" href=\"https:\/\/laprimaveradelcava.com\/es\/eventos\/batllori\/\" target=\"_self\" rel=\"noopener\">Ver detalle<\/a>            <\/div>\n        <\/article><\/div><\/div>        <div class=\"row\"><div class=\"col-md-4 col-sm-4\"><article class=\" mec-event-article mec-clear  \" itemscope>                    <div class=\"mec-event-image\"><a data-event-id=\"1961\" href=\"https:\/\/laprimaveradelcava.com\/es\/eventos\/codorniu\/\" target=\"_self\" rel=\"noopener\"><img decoding=\"async\" width=\"300\" height=\"200\" src=\"https:\/\/laprimaveradelcava.com\/wp-content\/uploads\/2026\/03\/La-Primavera-del-Cava-Codorniu-2-300x200.png\" class=\"attachment-medium size-medium wp-post-image\" alt=\"codorniu\" data-mec-postid=\"1961\" \/><\/a><\/div>\n                        <div class=\"mec-event-content\">\n                                    <div class=\"mec-event-date mec-bg-color\">\n                        <span class=\"mec-start-date-label\">17 mayo 2026<\/span>                                                                    <\/div>\n                                                                <h4 class=\"mec-event-title\"><a class=\"mec-color-hover\" data-event-id=\"1961\" href=\"https:\/\/laprimaveradelcava.com\/es\/eventos\/codorniu\/\" target=\"_self\" rel=\"noopener\">Cavas Florales &amp; Brunch<\/a><\/h4>\n                                <p class=\"mec-grid-event-location\">CODORN\u00cdU, Av. Jaume Codorn\u00edu, s\/n, 08770 Sant Sadurn\u00ed d\u2019Anoia (Barcelona)<\/p>\n                                <div class=\"mec-shortcode-organizers\"><i class=\"mec-sl-user\"><\/i><ul class=\"mec-organizers\"><li class=\"mec-organizer-item\"><span>Codorn\u00edu<\/span><\/li><\/ul><\/div>                                            <\/div>\n            <div class=\"mec-event-footer\">\n                                <ul class=\"mec-event-sharing-wrap\">\n                    <li class=\"mec-event-share\">\n                        <a href=\"#\" class=\"mec-event-share-icon\">\n                            <i class=\"mec-sl-share\" title=\"Share\"><\/i>\n                        <\/a>\n                    <\/li>\n                    <li>\n                        <ul class=\"mec-event-sharing\">\n                            <li class=\"mec-event-social-icon\"><a class=\"facebook\" href=\"https:\/\/www.facebook.com\/sharer\/sharer.php?u=https%3A%2F%2Flaprimaveradelcava.com%2Fes%2Feventos%2Fcodorniu%2F\" onclick=\"javascript:window.open(this.href, &#039;&#039;, &#039;menubar=no,toolbar=no,resizable=yes,scrollbars=yes,height=500,width=600&#039;); return false;\" target=\"_blank\" title=\"Compartir en Facebook\"><i class=\"mec-fa-facebook\"><\/i><span class=\"mec-social-title\">Facebook<\/span><\/a><\/li><li class=\"mec-event-social-icon\"><a class=\"twitter\" href=\"https:\/\/twitter.com\/share?url=https%3A%2F%2Flaprimaveradelcava.com%2Fes%2Feventos%2Fcodorniu%2F\" onclick=\"javascript:window.open(this.href, &#039;&#039;, &#039;menubar=no,toolbar=no,resizable=yes,scrollbars=yes,height=600,width=500&#039;); return false;\" target=\"_blank\" title=\"X Social Network\"><svg xmlns=\"http:\/\/www.w3.org\/2000\/svg\" shape-rendering=\"geometricPrecision\" text-rendering=\"geometricPrecision\" image-rendering=\"optimizeQuality\" fill-rule=\"evenodd\" clip-rule=\"evenodd\" viewBox=\"0 0 512 462.799\"><path fill-rule=\"nonzero\" d=\"M403.229 0h78.506L310.219 196.04 512 462.799H354.002L230.261 301.007 88.669 462.799h-78.56l183.455-209.683L0 0h161.999l111.856 147.88L403.229 0zm-27.556 415.805h43.505L138.363 44.527h-46.68l283.99 371.278z\"\/><\/svg><span class=\"mec-social-title\">Twitter<\/span><\/a><\/li><li class=\"mec-event-social-icon\"><a class=\"linkedin\" href=\"https:\/\/www.linkedin.com\/shareArticle?mini=true&amp;url=https%3A%2F%2Flaprimaveradelcava.com%2Fes%2Feventos%2Fcodorniu%2F\" onclick=\"javascript:window.open(this.href, &#039;&#039;, &#039;menubar=no,toolbar=no,resizable=yes,scrollbars=yes,height=600,width=500&#039;); return false;\" target=\"_blank\" title=\"LinkedIn\"><i class=\"mec-fa-linkedin\"><\/i><span class=\"mec-social-title\">LinkedIn<\/span><\/a><\/li><li class=\"mec-event-social-icon\"><a class=\"whatsapp\" href=\"https:\/\/api.whatsapp.com\/send?text=https%3A%2F%2Flaprimaveradelcava.com%2Fes%2Feventos%2Fcodorniu%2F\" target=\"_blank\" title=\"Compartir en WhatsApp\"><i class=\"mec-fa-whatsapp\"><\/i><span class=\"mec-social-title\">WhatsApp<\/span><\/a><\/li><li class=\"mec-event-social-icon\"><a class=\"telegram\" href=\"https:\/\/telegram.me\/share\/url?url=https%3A%2F%2Flaprimaveradelcava.com%2Fes%2Feventos%2Fcodorniu%2F&amp;text=Cavas Florales &amp; Brunch\" target=\"_blank\" title=\"Compartir en Telegram\">\n            <i><svg aria-hidden=\"true\" focusable=\"false\" data-prefix=\"fab\" data-icon=\"telegram\" class=\"svg-inline--fa fa-telegram fa-w-16\" role=\"img\" xmlns=\"http:\/\/www.w3.org\/2000\/svg\" viewBox=\"0 0 496 512\"><path fill=\"currentColor\" d=\"M248 8C111 8 0 119 0 256s111 248 248 248 248-111 248-248S385 8 248 8zm121.8 169.9l-40.7 191.8c-3 13.6-11.1 16.9-22.4 10.5l-62-45.7-29.9 28.8c-3.3 3.3-6.1 6.1-12.5 6.1l4.4-63.1 114.9-103.8c5-4.4-1.1-6.9-7.7-2.5l-142 89.4-61.2-19.1c-13.3-4.2-13.6-13.3 2.8-19.7l239.1-92.2c11.1-4 20.8 2.7 17.2 19.5z\"><\/path><\/svg><\/i>\n            <span class=\"mec-social-title\">Telegram<\/span>\n        <\/a><\/li><li class=\"mec-event-social-icon\"><a class=\"email\" href=\"mailto:?subject=Cavas%20Florales%20%2526amp%3B%20Brunch&body=https%3A%2F%2Flaprimaveradelcava.com%2Fes%2Feventos%2Fcodorniu%2F\" title=\"Correo electr\u00f3nico\"><i class=\"mec-fa-envelope\"><\/i><span class=\"mec-social-title\">Correo electr\u00f3nico<\/span><\/a><\/li>                        <\/ul>\n                    <\/li>\n                <\/ul>\n                                                <a class=\"mec-booking-button\" data-event-id=\"1961\" href=\"https:\/\/laprimaveradelcava.com\/es\/eventos\/codorniu\/\" target=\"_self\" rel=\"noopener\">Ver detalle<\/a>            <\/div>\n        <\/article><\/div>                <div class=\"col-md-4 col-sm-4\"><article class=\" mec-event-article mec-clear  \" itemscope>                    <div class=\"mec-event-image\"><a data-event-id=\"872\" href=\"https:\/\/laprimaveradelcava.com\/es\/eventos\/vilarnau\/\" target=\"_self\" rel=\"noopener\"><img decoding=\"async\" width=\"300\" height=\"200\" src=\"https:\/\/laprimaveradelcava.com\/wp-content\/uploads\/2025\/01\/La-Primavera-del-Cava-Vilarnau-1-300x200.png\" class=\"attachment-medium size-medium wp-post-image\" alt=\"Vilarnau La Primavera del Cava\" data-mec-postid=\"872\" \/><\/a><\/div>\n                        <div class=\"mec-event-content\">\n                                    <div class=\"mec-event-date mec-bg-color\">\n                        <span class=\"mec-start-date-label\">22 mayo 2026<\/span>                                                                    <\/div>\n                                                                <h4 class=\"mec-event-title\"><a class=\"mec-color-hover\" data-event-id=\"872\" href=\"https:\/\/laprimaveradelcava.com\/es\/eventos\/vilarnau\/\" target=\"_self\" rel=\"noopener\">Cena-maridaje con 20 quesos de Xerigots y un postre inspirado en el Pened\u00e8s<\/a><\/h4>\n                                <p class=\"mec-grid-event-location\">CELLER VILARNAU, Carretera d\u2019Espiells km 1,4 Carretera d\u2019Espiells km 1,4. 08770 \u2013 Espiells, Barcelona<\/p>\n                                <div class=\"mec-shortcode-organizers\"><i class=\"mec-sl-user\"><\/i><ul class=\"mec-organizers\"><li class=\"mec-organizer-item\"><span>Vilarnau<\/span><\/li><\/ul><\/div>                                            <\/div>\n            <div class=\"mec-event-footer\">\n                                <ul class=\"mec-event-sharing-wrap\">\n                    <li class=\"mec-event-share\">\n                        <a href=\"#\" class=\"mec-event-share-icon\">\n                            <i class=\"mec-sl-share\" title=\"Share\"><\/i>\n                        <\/a>\n                    <\/li>\n                    <li>\n                        <ul class=\"mec-event-sharing\">\n                            <li class=\"mec-event-social-icon\"><a class=\"facebook\" href=\"https:\/\/www.facebook.com\/sharer\/sharer.php?u=https%3A%2F%2Flaprimaveradelcava.com%2Fes%2Feventos%2Fvilarnau%2F\" onclick=\"javascript:window.open(this.href, &#039;&#039;, &#039;menubar=no,toolbar=no,resizable=yes,scrollbars=yes,height=500,width=600&#039;); return false;\" target=\"_blank\" title=\"Compartir en Facebook\"><i class=\"mec-fa-facebook\"><\/i><span class=\"mec-social-title\">Facebook<\/span><\/a><\/li><li class=\"mec-event-social-icon\"><a class=\"twitter\" href=\"https:\/\/twitter.com\/share?url=https%3A%2F%2Flaprimaveradelcava.com%2Fes%2Feventos%2Fvilarnau%2F\" onclick=\"javascript:window.open(this.href, &#039;&#039;, &#039;menubar=no,toolbar=no,resizable=yes,scrollbars=yes,height=600,width=500&#039;); return false;\" target=\"_blank\" title=\"X Social Network\"><svg xmlns=\"http:\/\/www.w3.org\/2000\/svg\" shape-rendering=\"geometricPrecision\" text-rendering=\"geometricPrecision\" image-rendering=\"optimizeQuality\" fill-rule=\"evenodd\" clip-rule=\"evenodd\" viewBox=\"0 0 512 462.799\"><path fill-rule=\"nonzero\" d=\"M403.229 0h78.506L310.219 196.04 512 462.799H354.002L230.261 301.007 88.669 462.799h-78.56l183.455-209.683L0 0h161.999l111.856 147.88L403.229 0zm-27.556 415.805h43.505L138.363 44.527h-46.68l283.99 371.278z\"\/><\/svg><span class=\"mec-social-title\">Twitter<\/span><\/a><\/li><li class=\"mec-event-social-icon\"><a class=\"linkedin\" href=\"https:\/\/www.linkedin.com\/shareArticle?mini=true&amp;url=https%3A%2F%2Flaprimaveradelcava.com%2Fes%2Feventos%2Fvilarnau%2F\" onclick=\"javascript:window.open(this.href, &#039;&#039;, &#039;menubar=no,toolbar=no,resizable=yes,scrollbars=yes,height=600,width=500&#039;); return false;\" target=\"_blank\" title=\"LinkedIn\"><i class=\"mec-fa-linkedin\"><\/i><span class=\"mec-social-title\">LinkedIn<\/span><\/a><\/li><li class=\"mec-event-social-icon\"><a class=\"whatsapp\" href=\"https:\/\/api.whatsapp.com\/send?text=https%3A%2F%2Flaprimaveradelcava.com%2Fes%2Feventos%2Fvilarnau%2F\" target=\"_blank\" title=\"Compartir en WhatsApp\"><i class=\"mec-fa-whatsapp\"><\/i><span class=\"mec-social-title\">WhatsApp<\/span><\/a><\/li><li class=\"mec-event-social-icon\"><a class=\"telegram\" href=\"https:\/\/telegram.me\/share\/url?url=https%3A%2F%2Flaprimaveradelcava.com%2Fes%2Feventos%2Fvilarnau%2F&amp;text=Cena-maridaje con 20 quesos de Xerigots y un postre inspirado en el Pened\u00e8s\" target=\"_blank\" title=\"Compartir en Telegram\">\n            <i><svg aria-hidden=\"true\" focusable=\"false\" data-prefix=\"fab\" data-icon=\"telegram\" class=\"svg-inline--fa fa-telegram fa-w-16\" role=\"img\" xmlns=\"http:\/\/www.w3.org\/2000\/svg\" viewBox=\"0 0 496 512\"><path fill=\"currentColor\" d=\"M248 8C111 8 0 119 0 256s111 248 248 248 248-111 248-248S385 8 248 8zm121.8 169.9l-40.7 191.8c-3 13.6-11.1 16.9-22.4 10.5l-62-45.7-29.9 28.8c-3.3 3.3-6.1 6.1-12.5 6.1l4.4-63.1 114.9-103.8c5-4.4-1.1-6.9-7.7-2.5l-142 89.4-61.2-19.1c-13.3-4.2-13.6-13.3 2.8-19.7l239.1-92.2c11.1-4 20.8 2.7 17.2 19.5z\"><\/path><\/svg><\/i>\n            <span class=\"mec-social-title\">Telegram<\/span>\n        <\/a><\/li><li class=\"mec-event-social-icon\"><a class=\"email\" href=\"mailto:?subject=Cena-maridaje%20con%2020%20quesos%20de%20Xerigots%20y%20un%20postre%20inspirado%20en%20el%20Pened%C3%A8s&body=https%3A%2F%2Flaprimaveradelcava.com%2Fes%2Feventos%2Fvilarnau%2F\" title=\"Correo electr\u00f3nico\"><i class=\"mec-fa-envelope\"><\/i><span class=\"mec-social-title\">Correo electr\u00f3nico<\/span><\/a><\/li>                        <\/ul>\n                    <\/li>\n                <\/ul>\n                                                <a class=\"mec-booking-button\" data-event-id=\"872\" href=\"https:\/\/laprimaveradelcava.com\/es\/eventos\/vilarnau\/\" target=\"_self\" rel=\"noopener\">Ver detalle<\/a>            <\/div>\n        <\/article><\/div>                <div class=\"col-md-4 col-sm-4\"><article class=\" mec-event-article mec-clear  \" itemscope>                    <div class=\"mec-event-image\"><a data-event-id=\"1322\" href=\"https:\/\/laprimaveradelcava.com\/es\/eventos\/joansegurapujadas\/\" target=\"_self\" rel=\"noopener\"><img decoding=\"async\" width=\"300\" height=\"200\" src=\"https:\/\/laprimaveradelcava.com\/wp-content\/uploads\/2025\/03\/Joan-Segura-Pujadas-La-Primavera-del-Cava-01-300x200.png\" class=\"attachment-medium size-medium wp-post-image\" alt=\"Joan Segura Pujadas\" data-mec-postid=\"1322\" \/><\/a><\/div>\n                        <div class=\"mec-event-content\">\n                                    <div class=\"mec-event-date mec-bg-color\">\n                        <span class=\"mec-start-date-label\">23 mayo 2026<\/span>                                                                    <\/div>\n                                                                <h4 class=\"mec-event-title\"><a class=\"mec-color-hover\" data-event-id=\"1322\" href=\"https:\/\/laprimaveradelcava.com\/es\/eventos\/joansegurapujadas\/\" target=\"_self\" rel=\"noopener\">Juego enogastron\u00f3mico entre vi\u00f1edo y bosque<\/a><\/h4>\n                                <p class=\"mec-grid-event-location\">CELLER JOAN SEGURA PUJADAS, Carrer de Joan i Jaume R\u00e0fols, 4. 08775 \u2013 Torrelavit (Barcelona)<\/p>\n                                <div class=\"mec-shortcode-organizers\"><i class=\"mec-sl-user\"><\/i><ul class=\"mec-organizers\"><li class=\"mec-organizer-item\"><span>Celler Joan Segura Pujadas<\/span><\/li><\/ul><\/div>                                            <\/div>\n            <div class=\"mec-event-footer\">\n                                <ul class=\"mec-event-sharing-wrap\">\n                    <li class=\"mec-event-share\">\n                        <a href=\"#\" class=\"mec-event-share-icon\">\n                            <i class=\"mec-sl-share\" title=\"Share\"><\/i>\n                        <\/a>\n                    <\/li>\n                    <li>\n                        <ul class=\"mec-event-sharing\">\n                            <li class=\"mec-event-social-icon\"><a class=\"facebook\" href=\"https:\/\/www.facebook.com\/sharer\/sharer.php?u=https%3A%2F%2Flaprimaveradelcava.com%2Fes%2Feventos%2Fjoansegurapujadas%2F\" onclick=\"javascript:window.open(this.href, &#039;&#039;, &#039;menubar=no,toolbar=no,resizable=yes,scrollbars=yes,height=500,width=600&#039;); return false;\" target=\"_blank\" title=\"Compartir en Facebook\"><i class=\"mec-fa-facebook\"><\/i><span class=\"mec-social-title\">Facebook<\/span><\/a><\/li><li class=\"mec-event-social-icon\"><a class=\"twitter\" href=\"https:\/\/twitter.com\/share?url=https%3A%2F%2Flaprimaveradelcava.com%2Fes%2Feventos%2Fjoansegurapujadas%2F\" onclick=\"javascript:window.open(this.href, &#039;&#039;, &#039;menubar=no,toolbar=no,resizable=yes,scrollbars=yes,height=600,width=500&#039;); return false;\" target=\"_blank\" title=\"X Social Network\"><svg xmlns=\"http:\/\/www.w3.org\/2000\/svg\" shape-rendering=\"geometricPrecision\" text-rendering=\"geometricPrecision\" image-rendering=\"optimizeQuality\" fill-rule=\"evenodd\" clip-rule=\"evenodd\" viewBox=\"0 0 512 462.799\"><path fill-rule=\"nonzero\" d=\"M403.229 0h78.506L310.219 196.04 512 462.799H354.002L230.261 301.007 88.669 462.799h-78.56l183.455-209.683L0 0h161.999l111.856 147.88L403.229 0zm-27.556 415.805h43.505L138.363 44.527h-46.68l283.99 371.278z\"\/><\/svg><span class=\"mec-social-title\">Twitter<\/span><\/a><\/li><li class=\"mec-event-social-icon\"><a class=\"linkedin\" href=\"https:\/\/www.linkedin.com\/shareArticle?mini=true&amp;url=https%3A%2F%2Flaprimaveradelcava.com%2Fes%2Feventos%2Fjoansegurapujadas%2F\" onclick=\"javascript:window.open(this.href, &#039;&#039;, &#039;menubar=no,toolbar=no,resizable=yes,scrollbars=yes,height=600,width=500&#039;); return false;\" target=\"_blank\" title=\"LinkedIn\"><i class=\"mec-fa-linkedin\"><\/i><span class=\"mec-social-title\">LinkedIn<\/span><\/a><\/li><li class=\"mec-event-social-icon\"><a class=\"whatsapp\" href=\"https:\/\/api.whatsapp.com\/send?text=https%3A%2F%2Flaprimaveradelcava.com%2Fes%2Feventos%2Fjoansegurapujadas%2F\" target=\"_blank\" title=\"Compartir en WhatsApp\"><i class=\"mec-fa-whatsapp\"><\/i><span class=\"mec-social-title\">WhatsApp<\/span><\/a><\/li><li class=\"mec-event-social-icon\"><a class=\"telegram\" href=\"https:\/\/telegram.me\/share\/url?url=https%3A%2F%2Flaprimaveradelcava.com%2Fes%2Feventos%2Fjoansegurapujadas%2F&amp;text=Juego enogastron\u00f3mico entre vi\u00f1edo y bosque\" target=\"_blank\" title=\"Compartir en Telegram\">\n            <i><svg aria-hidden=\"true\" focusable=\"false\" data-prefix=\"fab\" data-icon=\"telegram\" class=\"svg-inline--fa fa-telegram fa-w-16\" role=\"img\" xmlns=\"http:\/\/www.w3.org\/2000\/svg\" viewBox=\"0 0 496 512\"><path fill=\"currentColor\" d=\"M248 8C111 8 0 119 0 256s111 248 248 248 248-111 248-248S385 8 248 8zm121.8 169.9l-40.7 191.8c-3 13.6-11.1 16.9-22.4 10.5l-62-45.7-29.9 28.8c-3.3 3.3-6.1 6.1-12.5 6.1l4.4-63.1 114.9-103.8c5-4.4-1.1-6.9-7.7-2.5l-142 89.4-61.2-19.1c-13.3-4.2-13.6-13.3 2.8-19.7l239.1-92.2c11.1-4 20.8 2.7 17.2 19.5z\"><\/path><\/svg><\/i>\n            <span class=\"mec-social-title\">Telegram<\/span>\n        <\/a><\/li><li class=\"mec-event-social-icon\"><a class=\"email\" href=\"mailto:?subject=Juego%20enogastron%C3%B3mico%20entre%20vi%C3%B1edo%20y%20bosque&body=https%3A%2F%2Flaprimaveradelcava.com%2Fes%2Feventos%2Fjoansegurapujadas%2F\" title=\"Correo electr\u00f3nico\"><i class=\"mec-fa-envelope\"><\/i><span class=\"mec-social-title\">Correo electr\u00f3nico<\/span><\/a><\/li>                        <\/ul>\n                    <\/li>\n                <\/ul>\n                                                <a class=\"mec-booking-button\" data-event-id=\"1322\" href=\"https:\/\/laprimaveradelcava.com\/es\/eventos\/joansegurapujadas\/\" target=\"_self\" rel=\"noopener\">Ver detalle<\/a>            <\/div>\n        <\/article><\/div><\/div>                        \t<\/div>\n<\/div>\n\n    <\/div>\n    <div class=\"mec-skin-grid-no-events-container mec-util-hidden\" id=\"mec_skin_no_events_48\">\n        \u00a1No hay eventos!    <\/div>\n    \n    <div class=\"mec-load-more-wrap\"><\/div>\n<\/div>\n[\/et_pb_text][\/et_pb_column][\/et_pb_row][\/et_pb_section][et_pb_section fb_built=\u00bb1&#8243; _builder_version=\u00bb4.25.0&#8243; _module_preset=\u00bbdefault\u00bb background_color=\u00bb#F2F5E9&#8243; global_colors_info=\u00bb{}\u00bb][et_pb_row _builder_version=\u00bb4.25.0&#8243; _module_preset=\u00bbdefault\u00bb global_colors_info=\u00bb{}\u00bb][et_pb_column type=\u00bb4_4&#8243; _builder_version=\u00bb4.25.0&#8243; _module_preset=\u00bbdefault\u00bb global_colors_info=\u00bb{}\u00bb][et_pb_text _builder_version=\u00bb4.25.0&#8243; _module_preset=\u00bbdefault\u00bb global_colors_info=\u00bb{}\u00bb]<\/p>\n<h2>Calendario de actividades<\/h2>\n<p>[\/et_pb_text][et_pb_text _builder_version=\u00bb4.25.0&#8243; _module_preset=\u00bbdefault\u00bb global_colors_info=\u00bb{}\u00bb]<div id=\"mec_skin_49\" class=\"mec-wrap colorskin-custom  \">\n\n    \n    <div class=\"mec-calendar mec-box-calendar\" id=\"mec_skin_events_49_full\">\n        <div class=\"mec-calendar-topsec\">        <div class=\"mec-calendar-side mec-clear\">\n                        <div class=\"mec-skin-monthly-view-month-navigator-container\">\n                <div class=\"mec-month-navigator\" id=\"mec_month_navigator_49_202605\"><div class=\"mec-previous-month mec-load-month mec-previous-month\" data-mec-year=\"2026\" data-mec-month=\"04\"><a href=\"#\" class=\"mec-load-month-link\"><i class=\"mec-sl-angle-left\"><\/i> abril<\/a><\/div><div class=\"mec-calendar-header\"><h2>mayo 2026<\/h2><\/div><div class=\"mec-next-month mec-load-month mec-next-month\" data-mec-year=\"2026\" data-mec-month=\"06\"><a href=\"#\" class=\"mec-load-month-link\">junio <i class=\"mec-sl-angle-right\"><\/i><\/a><\/div><\/div>\n            <\/div>\n            \n            <div class=\"mec-calendar-table\" id=\"mec_skin_events_49\">\n                <div class=\"mec-month-container mec-month-container-selected\" id=\"mec_monthly_view_month_49_202605\" data-month-id=\"202605\"><dl class=\"mec-calendar-table-head\"><dt class=\"mec-calendar-day-head\">LU<\/dt><dt class=\"mec-calendar-day-head\">MA<\/dt><dt class=\"mec-calendar-day-head\">MI<\/dt><dt class=\"mec-calendar-day-head\">JU<\/dt><dt class=\"mec-calendar-day-head\">VI<\/dt><dt class=\"mec-calendar-day-head\">SA<\/dt><dt class=\"mec-calendar-day-head\">DO<\/dt><\/dl><dl class=\"mec-calendar-row\">\n    <dt class=\"mec-table-nullday\">27<\/dt><dt class=\"mec-table-nullday\">28<\/dt><dt class=\"mec-table-nullday\">29<\/dt><dt class=\"mec-table-nullday\">30<\/dt><dt class=\"mec-calendar-day \" data-mec-cell=\"20260501\" data-day=\"1\" data-month=\"202605\">1<\/dt><\/dt><dt class=\"mec-calendar-day \" data-mec-cell=\"20260502\" data-day=\"2\" data-month=\"202605\">2<\/dt><\/dt><dt class=\"mec-calendar-day \" data-mec-cell=\"20260503\" data-day=\"3\" data-month=\"202605\">3<\/dt><\/dt><\/dl><dl class=\"mec-calendar-row\"><dt class=\"mec-calendar-day \" data-mec-cell=\"20260504\" data-day=\"4\" data-month=\"202605\">4<\/dt><\/dt><dt class=\"mec-calendar-day \" data-mec-cell=\"20260505\" data-day=\"5\" data-month=\"202605\">5<\/dt><\/dt><dt class=\"mec-calendar-day \" data-mec-cell=\"20260506\" data-day=\"6\" data-month=\"202605\">6<\/dt><\/dt><dt class=\"mec-calendar-day \" data-mec-cell=\"20260507\" data-day=\"7\" data-month=\"202605\">7<\/dt><\/dt><dt class=\"mec-calendar-day \" data-mec-cell=\"20260508\" data-day=\"8\" data-month=\"202605\">8<\/dt><\/dt><dt class=\"mec-calendar-day mec-has-event  mec-selected-day\" data-mec-cell=\"20260509\" data-day=\"9\" data-month=\"202605\"><a href=\"#\" class=\"mec-has-event-a\">9<\/a><\/dt><\/dt><dt class=\"mec-calendar-day \" data-mec-cell=\"20260510\" data-day=\"10\" data-month=\"202605\">10<\/dt><\/dt><\/dl><dl class=\"mec-calendar-row\"><dt class=\"mec-calendar-day \" data-mec-cell=\"20260511\" data-day=\"11\" data-month=\"202605\">11<\/dt><\/dt><dt class=\"mec-calendar-day \" data-mec-cell=\"20260512\" data-day=\"12\" data-month=\"202605\">12<\/dt><\/dt><dt class=\"mec-calendar-day \" data-mec-cell=\"20260513\" data-day=\"13\" data-month=\"202605\">13<\/dt><\/dt><dt class=\"mec-calendar-day \" data-mec-cell=\"20260514\" data-day=\"14\" data-month=\"202605\">14<\/dt><\/dt><dt class=\"mec-calendar-day \" data-mec-cell=\"20260515\" data-day=\"15\" data-month=\"202605\">15<\/dt><\/dt><dt class=\"mec-calendar-day mec-has-event \" data-mec-cell=\"20260516\" data-day=\"16\" data-month=\"202605\"><a href=\"#\" class=\"mec-has-event-a\">16<\/a><\/dt><\/dt><dt class=\"mec-calendar-day mec-has-event \" data-mec-cell=\"20260517\" data-day=\"17\" data-month=\"202605\"><a href=\"#\" class=\"mec-has-event-a\">17<\/a><\/dt><\/dt><\/dl><dl class=\"mec-calendar-row\"><dt class=\"mec-calendar-day \" data-mec-cell=\"20260518\" data-day=\"18\" data-month=\"202605\">18<\/dt><\/dt><dt class=\"mec-calendar-day \" data-mec-cell=\"20260519\" data-day=\"19\" data-month=\"202605\">19<\/dt><\/dt><dt class=\"mec-calendar-day \" data-mec-cell=\"20260520\" data-day=\"20\" data-month=\"202605\">20<\/dt><\/dt><dt class=\"mec-calendar-day \" data-mec-cell=\"20260521\" data-day=\"21\" data-month=\"202605\">21<\/dt><\/dt><dt class=\"mec-calendar-day mec-has-event \" data-mec-cell=\"20260522\" data-day=\"22\" data-month=\"202605\"><a href=\"#\" class=\"mec-has-event-a\">22<\/a><\/dt><\/dt><dt class=\"mec-calendar-day mec-has-event \" data-mec-cell=\"20260523\" data-day=\"23\" data-month=\"202605\"><a href=\"#\" class=\"mec-has-event-a\">23<\/a><\/dt><\/dt><dt class=\"mec-calendar-day mec-has-event \" data-mec-cell=\"20260524\" data-day=\"24\" data-month=\"202605\"><a href=\"#\" class=\"mec-has-event-a\">24<\/a><\/dt><\/dt><\/dl><dl class=\"mec-calendar-row\"><dt class=\"mec-calendar-day \" data-mec-cell=\"20260525\" data-day=\"25\" data-month=\"202605\">25<\/dt><\/dt><dt class=\"mec-calendar-day \" data-mec-cell=\"20260526\" data-day=\"26\" data-month=\"202605\">26<\/dt><\/dt><dt class=\"mec-calendar-day \" data-mec-cell=\"20260527\" data-day=\"27\" data-month=\"202605\">27<\/dt><\/dt><dt class=\"mec-calendar-day \" data-mec-cell=\"20260528\" data-day=\"28\" data-month=\"202605\">28<\/dt><\/dt><dt class=\"mec-calendar-day \" data-mec-cell=\"20260529\" data-day=\"29\" data-month=\"202605\">29<\/dt><\/dt><dt class=\"mec-calendar-day mec-has-event \" data-mec-cell=\"20260530\" data-day=\"30\" data-month=\"202605\"><a href=\"#\" class=\"mec-has-event-a\">30<\/a><\/dt><\/dt><dt class=\"mec-calendar-day \" data-mec-cell=\"20260531\" data-day=\"31\" data-month=\"202605\">31<\/dt><\/dt><\/dl><dl class=\"mec-calendar-row\"><dt class=\"mec-table-nullday\">1<\/dt><dt class=\"mec-table-nullday\">2<\/dt><dt class=\"mec-table-nullday\">3<\/dt><dt class=\"mec-table-nullday\">4<\/dt><dt class=\"mec-table-nullday\">5<\/dt><dt class=\"mec-table-nullday\">6<\/dt><dt class=\"mec-table-nullday\">7<\/dt><\/dl>\n<\/div>\n            <\/div>\n\n                    <\/div>\n        <div class=\"mec-calendar-events-side mec-clear\"><div class=\"mec-month-side\" id=\"mec_month_side_49_202605\"><div class=\"mec-calendar-events-sec\" id=\"mec-calendar-events-sec-49-20260501\" data-mec-cell=\"20260501\" ><h6 class=\"mec-table-side-title\">Eventos para <span class=\"mec-color mec-table-side-day\"> 1st<\/span> mayo<\/h6><article class=\"mec-event-article\"><div class=\"mec-event-detail\">Sin eventos<\/div><\/article><\/div><div class=\"mec-calendar-events-sec\" id=\"mec-calendar-events-sec-49-20260502\" data-mec-cell=\"20260502\" ><h6 class=\"mec-table-side-title\">Eventos para <span class=\"mec-color mec-table-side-day\"> 2nd<\/span> mayo<\/h6><article class=\"mec-event-article\"><div class=\"mec-event-detail\">Sin eventos<\/div><\/article><\/div><div class=\"mec-calendar-events-sec\" id=\"mec-calendar-events-sec-49-20260503\" data-mec-cell=\"20260503\" ><h6 class=\"mec-table-side-title\">Eventos para <span class=\"mec-color mec-table-side-day\"> 3rd<\/span> mayo<\/h6><article class=\"mec-event-article\"><div class=\"mec-event-detail\">Sin eventos<\/div><\/article><\/div><div class=\"mec-calendar-events-sec\" id=\"mec-calendar-events-sec-49-20260504\" data-mec-cell=\"20260504\" ><h6 class=\"mec-table-side-title\">Eventos para <span class=\"mec-color mec-table-side-day\"> 4th<\/span> mayo<\/h6><article class=\"mec-event-article\"><div class=\"mec-event-detail\">Sin eventos<\/div><\/article><\/div><div class=\"mec-calendar-events-sec\" id=\"mec-calendar-events-sec-49-20260505\" data-mec-cell=\"20260505\" ><h6 class=\"mec-table-side-title\">Eventos para <span class=\"mec-color mec-table-side-day\"> 5th<\/span> mayo<\/h6><article class=\"mec-event-article\"><div class=\"mec-event-detail\">Sin eventos<\/div><\/article><\/div><div class=\"mec-calendar-events-sec\" id=\"mec-calendar-events-sec-49-20260506\" data-mec-cell=\"20260506\" ><h6 class=\"mec-table-side-title\">Eventos para <span class=\"mec-color mec-table-side-day\"> 6th<\/span> mayo<\/h6><article class=\"mec-event-article\"><div class=\"mec-event-detail\">Sin eventos<\/div><\/article><\/div><div class=\"mec-calendar-events-sec\" id=\"mec-calendar-events-sec-49-20260507\" data-mec-cell=\"20260507\" ><h6 class=\"mec-table-side-title\">Eventos para <span class=\"mec-color mec-table-side-day\"> 7th<\/span> mayo<\/h6><article class=\"mec-event-article\"><div class=\"mec-event-detail\">Sin eventos<\/div><\/article><\/div><div class=\"mec-calendar-events-sec\" id=\"mec-calendar-events-sec-49-20260508\" data-mec-cell=\"20260508\" ><h6 class=\"mec-table-side-title\">Eventos para <span class=\"mec-color mec-table-side-day\"> 8th<\/span> mayo<\/h6><article class=\"mec-event-article\"><div class=\"mec-event-detail\">Sin eventos<\/div><\/article><\/div><div class=\"mec-calendar-events-sec\" id=\"mec-calendar-events-sec-49-20260509\" data-mec-cell=\"20260509\"  style=\"display: block;\"><h6 class=\"mec-table-side-title\">Eventos para <span class=\"mec-color mec-table-side-day\"> 9th<\/span> mayo<\/h6><article class=\"mec-event-article \"><div class=\"mec-event-image\"><img decoding=\"async\" width=\"300\" height=\"300\" src=\"https:\/\/laprimaveradelcava.com\/wp-content\/uploads\/2025\/03\/Bodegues-Capita-Vidal-La-Primavera-del-Cava-3-300x300.png\" class=\"attachment-thumblist size-thumblist wp-post-image\" alt=\"Capit\u00e0 Vidal\" data-mec-postid=\"1315\" \/><\/div><div class=\"mec-monthly-contents\" style=\"width: calc(100% - 86px)\"><div class=\"mec-event-time mec-color\"><i class=\"mec-sl-clock-o\"><\/i> 10:00 - 14:00<\/div><h4 class=\"mec-event-title\"><a class=\"mec-color-hover\" data-event-id=\"1315\" href=\"https:\/\/laprimaveradelcava.com\/es\/eventos\/capitavidal\/\" target=\"_self\" rel=\"noopener\">Caminata entre vi\u00f1edos con cata de cavas y m\u00fasica en directo<\/a><\/h4><div class=\"mec-event-detail\">\n                        <div class=\"mec-event-loc-place\">BODEGUES CAPIT\u00c0 VIDAL<\/div>\n                        \n                    <\/div><\/div><div style=\"clear:both\"><\/div><\/article><article class=\"mec-event-article \"><div class=\"mec-event-image\"><img decoding=\"async\" width=\"300\" height=\"300\" src=\"https:\/\/laprimaveradelcava.com\/wp-content\/uploads\/2026\/03\/La-Primavera-del-Cava-Canals-i-Domingo-3-300x300.png\" class=\"attachment-thumblist size-thumblist wp-post-image\" alt=\"Canals &amp; Domingo\" data-mec-postid=\"1963\" \/><\/div><div class=\"mec-monthly-contents\" style=\"width: calc(100% - 86px)\"><div class=\"mec-event-time mec-color\"><i class=\"mec-sl-clock-o\"><\/i> 10:30 - 13:30<\/div><h4 class=\"mec-event-title\"><a class=\"mec-color-hover\" data-event-id=\"1963\" href=\"https:\/\/laprimaveradelcava.com\/es\/eventos\/canalsidomingo\/\" target=\"_self\" rel=\"noopener\">Desayuno de brasa entre vi\u00f1edos y juego de cata a ciegas<\/a><\/h4><div class=\"mec-event-detail\">\n                        <div class=\"mec-event-loc-place\">CANALS &amp; DOMINGO<\/div>\n                        \n                    <\/div><\/div><div style=\"clear:both\"><\/div><\/article><article class=\"mec-event-article \"><div class=\"mec-event-image\"><img decoding=\"async\" width=\"300\" height=\"300\" src=\"https:\/\/laprimaveradelcava.com\/wp-content\/uploads\/2025\/03\/Rovellats-LPDC-7-300x300.png\" class=\"attachment-thumblist size-thumblist wp-post-image\" alt=\"La Primavera del Cava Enoturisme al Pened\u00e8s Experi\u00e8ncies i diversi\u00f3\" data-mec-postid=\"1317\" \/><\/div><div class=\"mec-monthly-contents\" style=\"width: calc(100% - 86px)\"><div class=\"mec-event-time mec-color\"><i class=\"mec-sl-clock-o\"><\/i> 17:00 - 20:00<\/div><h4 class=\"mec-event-title\"><a class=\"mec-color-hover\" data-event-id=\"1317\" href=\"https:\/\/laprimaveradelcava.com\/es\/eventos\/cavarovellats\/\" target=\"_self\" rel=\"noopener\">Esencia Rovellats: 3 tapas, 3 cavas<\/a><\/h4><div class=\"mec-event-detail\">\n                        <div class=\"mec-event-loc-place\">CAVA ROVELLATS<\/div>\n                        \n                    <\/div><\/div><div style=\"clear:both\"><\/div><\/article><article class=\"mec-event-article \"><div class=\"mec-event-image\"><img decoding=\"async\" width=\"300\" height=\"300\" src=\"https:\/\/laprimaveradelcava.com\/wp-content\/uploads\/2024\/04\/ostres-3-300x300.jpg\" class=\"attachment-thumblist size-thumblist wp-post-image\" alt=\"Carles Andreu La Primavera del Cava\" data-mec-postid=\"1321\" \/><\/div><div class=\"mec-monthly-contents\" style=\"width: calc(100% - 86px)\"><div class=\"mec-event-time mec-color\"><i class=\"mec-sl-clock-o\"><\/i> 19:00 - 21:00<\/div><h4 class=\"mec-event-title\"><a class=\"mec-color-hover\" data-event-id=\"1321\" href=\"https:\/\/laprimaveradelcava.com\/es\/eventos\/carlesandreu\/\" target=\"_self\" rel=\"noopener\">Vespre d\u2019ostres i cava al Celler Carles Andreu<\/a><\/h4><div class=\"mec-event-detail\">\n                        <div class=\"mec-event-loc-place\">CELLER CARLES ANDREU<\/div>\n                        \n                    <\/div><\/div><div style=\"clear:both\"><\/div><\/article><\/div><div class=\"mec-calendar-events-sec\" id=\"mec-calendar-events-sec-49-20260510\" data-mec-cell=\"20260510\" ><h6 class=\"mec-table-side-title\">Eventos para <span class=\"mec-color mec-table-side-day\"> 10th<\/span> mayo<\/h6><article class=\"mec-event-article\"><div class=\"mec-event-detail\">Sin eventos<\/div><\/article><\/div><div class=\"mec-calendar-events-sec\" id=\"mec-calendar-events-sec-49-20260511\" data-mec-cell=\"20260511\" ><h6 class=\"mec-table-side-title\">Eventos para <span class=\"mec-color mec-table-side-day\"> 11th<\/span> mayo<\/h6><article class=\"mec-event-article\"><div class=\"mec-event-detail\">Sin eventos<\/div><\/article><\/div><div class=\"mec-calendar-events-sec\" id=\"mec-calendar-events-sec-49-20260512\" data-mec-cell=\"20260512\" ><h6 class=\"mec-table-side-title\">Eventos para <span class=\"mec-color mec-table-side-day\"> 12th<\/span> mayo<\/h6><article class=\"mec-event-article\"><div class=\"mec-event-detail\">Sin eventos<\/div><\/article><\/div><div class=\"mec-calendar-events-sec\" id=\"mec-calendar-events-sec-49-20260513\" data-mec-cell=\"20260513\" ><h6 class=\"mec-table-side-title\">Eventos para <span class=\"mec-color mec-table-side-day\"> 13th<\/span> mayo<\/h6><article class=\"mec-event-article\"><div class=\"mec-event-detail\">Sin eventos<\/div><\/article><\/div><div class=\"mec-calendar-events-sec\" id=\"mec-calendar-events-sec-49-20260514\" data-mec-cell=\"20260514\" ><h6 class=\"mec-table-side-title\">Eventos para <span class=\"mec-color mec-table-side-day\"> 14th<\/span> mayo<\/h6><article class=\"mec-event-article\"><div class=\"mec-event-detail\">Sin eventos<\/div><\/article><\/div><div class=\"mec-calendar-events-sec\" id=\"mec-calendar-events-sec-49-20260515\" data-mec-cell=\"20260515\" ><h6 class=\"mec-table-side-title\">Eventos para <span class=\"mec-color mec-table-side-day\"> 15th<\/span> mayo<\/h6><article class=\"mec-event-article\"><div class=\"mec-event-detail\">Sin eventos<\/div><\/article><\/div><div class=\"mec-calendar-events-sec\" id=\"mec-calendar-events-sec-49-20260516\" data-mec-cell=\"20260516\" ><h6 class=\"mec-table-side-title\">Eventos para <span class=\"mec-color mec-table-side-day\"> 16th<\/span> mayo<\/h6><article class=\"mec-event-article \"><div class=\"mec-event-image\"><img decoding=\"async\" width=\"300\" height=\"300\" src=\"https:\/\/laprimaveradelcava.com\/wp-content\/uploads\/2025\/03\/Canals-i-Munne-La-Primavera-del-Cava-1-300x300.png\" class=\"attachment-thumblist size-thumblist wp-post-image\" alt=\"Canals &amp; Munn\u00e9\" data-mec-postid=\"1314\" \/><\/div><div class=\"mec-monthly-contents\" style=\"width: calc(100% - 86px)\"><div class=\"mec-event-time mec-color\"><i class=\"mec-sl-clock-o\"><\/i> 10:30 - 14:00<\/div><h4 class=\"mec-event-title\"><a class=\"mec-color-hover\" data-event-id=\"1314\" href=\"https:\/\/laprimaveradelcava.com\/es\/eventos\/canalsimunne\/\" target=\"_self\" rel=\"noopener\">Desayuno de pay\u00e9s + Maridaje de 5 chocolates con cava, licor y mosto<\/a><\/h4><div class=\"mec-event-detail\">\n                        <div class=\"mec-event-loc-place\">CANALS &amp; MUNN\u00c9<\/div>\n                        \n                    <\/div><\/div><div style=\"clear:both\"><\/div><\/article><article class=\"mec-event-article \"><div class=\"mec-event-image\"><img decoding=\"async\" width=\"300\" height=\"300\" src=\"https:\/\/laprimaveradelcava.com\/wp-content\/uploads\/2025\/01\/u-mes-u-300x300.png\" class=\"attachment-thumblist size-thumblist wp-post-image\" alt=\"\" data-mec-postid=\"1316\" \/><\/div><div class=\"mec-monthly-contents\" style=\"width: calc(100% - 86px)\"><div class=\"mec-event-time mec-color\"><i class=\"mec-sl-clock-o\"><\/i> 11:00 - 12:30<\/div><h4 class=\"mec-event-title\"><a class=\"mec-color-hover\" data-event-id=\"1316\" href=\"https:\/\/laprimaveradelcava.com\/es\/eventos\/umesu\/\" target=\"_self\" rel=\"noopener\">Visita exclusiva, aperitivo con 3 cavas y cata en la cripta<\/a><\/h4><div class=\"mec-event-detail\">\n                        <div class=\"mec-event-loc-place\">U MES U<\/div>\n                        \n                    <\/div><\/div><div style=\"clear:both\"><\/div><\/article><article class=\"mec-event-article \"><div class=\"mec-event-image\"><img decoding=\"async\" width=\"300\" height=\"300\" src=\"https:\/\/laprimaveradelcava.com\/wp-content\/uploads\/2026\/03\/La-Primavera-del-Cava-Jovani-Vins-4-300x300.png\" class=\"attachment-thumblist size-thumblist wp-post-image\" alt=\"cava jovani\" data-mec-postid=\"1962\" \/><\/div><div class=\"mec-monthly-contents\" style=\"width: calc(100% - 86px)\"><div class=\"mec-event-time mec-color\"><i class=\"mec-sl-clock-o\"><\/i> 11:00 - 14:00<\/div><h4 class=\"mec-event-title\"><a class=\"mec-color-hover\" data-event-id=\"1962\" href=\"https:\/\/laprimaveradelcava.com\/es\/eventos\/cavajovani\/\" target=\"_self\" rel=\"noopener\">De cuando el vi\u00f1edo llora a cuando florece: Cata de 4 cavas con maridajes y vermut mediterr\u00e1neo<\/a><\/h4><div class=\"mec-event-detail\">\n                        <div class=\"mec-event-loc-place\">JOVANI VINS<\/div>\n                        \n                    <\/div><\/div><div style=\"clear:both\"><\/div><\/article><article class=\"mec-event-article \"><div class=\"mec-event-image\"><img decoding=\"async\" width=\"300\" height=\"300\" src=\"https:\/\/laprimaveradelcava.com\/wp-content\/uploads\/2026\/03\/La-Primavera-del-Cava-Masia-Torreblanca-1-300x300.png\" class=\"attachment-thumblist size-thumblist wp-post-image\" alt=\"vinyes torreblanca\" data-mec-postid=\"1965\" \/><\/div><div class=\"mec-monthly-contents\" style=\"width: calc(100% - 86px)\"><div class=\"mec-event-time mec-color\"><i class=\"mec-sl-clock-o\"><\/i> 11:00 - 15:00<\/div><h4 class=\"mec-event-title\"><a class=\"mec-color-hover\" data-event-id=\"1965\" href=\"https:\/\/laprimaveradelcava.com\/es\/eventos\/masiatorreblanca\/\" target=\"_self\" rel=\"noopener\">Cata muy sorprendente y brunch con vistas a los vi\u00f1edos<\/a><\/h4><div class=\"mec-event-detail\">\n                        <div class=\"mec-event-loc-place\">MASIA TORREBLANCA<\/div>\n                        \n                    <\/div><\/div><div style=\"clear:both\"><\/div><\/article><\/div><div class=\"mec-calendar-events-sec\" id=\"mec-calendar-events-sec-49-20260517\" data-mec-cell=\"20260517\" ><h6 class=\"mec-table-side-title\">Eventos para <span class=\"mec-color mec-table-side-day\"> 17th<\/span> mayo<\/h6><article class=\"mec-event-article \"><div class=\"mec-event-image\"><img decoding=\"async\" width=\"300\" height=\"300\" src=\"https:\/\/laprimaveradelcava.com\/wp-content\/uploads\/2026\/03\/batllori-La-Primavera-del-Cava-5-1-300x300.png\" class=\"attachment-thumblist size-thumblist wp-post-image\" alt=\"batllori\" data-mec-postid=\"1960\" \/><\/div><div class=\"mec-monthly-contents\" style=\"width: calc(100% - 86px)\"><div class=\"mec-event-time mec-color\"><i class=\"mec-sl-clock-o\"><\/i> 10:00 - 14:00<\/div><h4 class=\"mec-event-title\"><a class=\"mec-color-hover\" data-event-id=\"1960\" href=\"https:\/\/laprimaveradelcava.com\/es\/eventos\/batllori\/\" target=\"_self\" rel=\"noopener\">Brunch entre vi\u00f1edos y f\u00f3siles<\/a><\/h4><div class=\"mec-event-detail\">\n                        <div class=\"mec-event-loc-place\">BATLLORI<\/div>\n                        \n                    <\/div><\/div><div style=\"clear:both\"><\/div><\/article><article class=\"mec-event-article \"><div class=\"mec-event-image\"><img decoding=\"async\" width=\"300\" height=\"300\" src=\"https:\/\/laprimaveradelcava.com\/wp-content\/uploads\/2026\/03\/La-Primavera-del-Cava-Codorniu-2-300x300.png\" class=\"attachment-thumblist size-thumblist wp-post-image\" alt=\"codorniu\" data-mec-postid=\"1961\" \/><\/div><div class=\"mec-monthly-contents\" style=\"width: calc(100% - 86px)\"><div class=\"mec-event-time mec-color\"><i class=\"mec-sl-clock-o\"><\/i> 11:00 - 13:30<\/div><h4 class=\"mec-event-title\"><a class=\"mec-color-hover\" data-event-id=\"1961\" href=\"https:\/\/laprimaveradelcava.com\/es\/eventos\/codorniu\/\" target=\"_self\" rel=\"noopener\">Cavas Florales &amp; Brunch<\/a><\/h4><div class=\"mec-event-detail\">\n                        <div class=\"mec-event-loc-place\">CODORN\u00cdU<\/div>\n                        \n                    <\/div><\/div><div style=\"clear:both\"><\/div><\/article><\/div><div class=\"mec-calendar-events-sec\" id=\"mec-calendar-events-sec-49-20260518\" data-mec-cell=\"20260518\" ><h6 class=\"mec-table-side-title\">Eventos para <span class=\"mec-color mec-table-side-day\"> 18th<\/span> mayo<\/h6><article class=\"mec-event-article\"><div class=\"mec-event-detail\">Sin eventos<\/div><\/article><\/div><div class=\"mec-calendar-events-sec\" id=\"mec-calendar-events-sec-49-20260519\" data-mec-cell=\"20260519\" ><h6 class=\"mec-table-side-title\">Eventos para <span class=\"mec-color mec-table-side-day\"> 19th<\/span> mayo<\/h6><article class=\"mec-event-article\"><div class=\"mec-event-detail\">Sin eventos<\/div><\/article><\/div><div class=\"mec-calendar-events-sec\" id=\"mec-calendar-events-sec-49-20260520\" data-mec-cell=\"20260520\" ><h6 class=\"mec-table-side-title\">Eventos para <span class=\"mec-color mec-table-side-day\"> 20th<\/span> mayo<\/h6><article class=\"mec-event-article\"><div class=\"mec-event-detail\">Sin eventos<\/div><\/article><\/div><div class=\"mec-calendar-events-sec\" id=\"mec-calendar-events-sec-49-20260521\" data-mec-cell=\"20260521\" ><h6 class=\"mec-table-side-title\">Eventos para <span class=\"mec-color mec-table-side-day\"> 21st<\/span> mayo<\/h6><article class=\"mec-event-article\"><div class=\"mec-event-detail\">Sin eventos<\/div><\/article><\/div><div class=\"mec-calendar-events-sec\" id=\"mec-calendar-events-sec-49-20260522\" data-mec-cell=\"20260522\" ><h6 class=\"mec-table-side-title\">Eventos para <span class=\"mec-color mec-table-side-day\"> 22nd<\/span> mayo<\/h6><article class=\"mec-event-article \"><div class=\"mec-event-image\"><img decoding=\"async\" width=\"300\" height=\"300\" src=\"https:\/\/laprimaveradelcava.com\/wp-content\/uploads\/2025\/01\/La-Primavera-del-Cava-Vilarnau-1-300x300.png\" class=\"attachment-thumblist size-thumblist wp-post-image\" alt=\"Vilarnau La Primavera del Cava\" data-mec-postid=\"872\" \/><\/div><div class=\"mec-monthly-contents\" style=\"width: calc(100% - 86px)\"><div class=\"mec-event-time mec-color\"><i class=\"mec-sl-clock-o\"><\/i> 20:00 - 23:00<\/div><h4 class=\"mec-event-title\"><a class=\"mec-color-hover\" data-event-id=\"872\" href=\"https:\/\/laprimaveradelcava.com\/es\/eventos\/vilarnau\/\" target=\"_self\" rel=\"noopener\">Cena-maridaje con 20 quesos de Xerigots y un postre inspirado en el Pened\u00e8s<\/a><\/h4><div class=\"mec-event-detail\">\n                        <div class=\"mec-event-loc-place\">CELLER VILARNAU<\/div>\n                        \n                    <\/div><\/div><div style=\"clear:both\"><\/div><\/article><\/div><div class=\"mec-calendar-events-sec\" id=\"mec-calendar-events-sec-49-20260523\" data-mec-cell=\"20260523\" ><h6 class=\"mec-table-side-title\">Eventos para <span class=\"mec-color mec-table-side-day\"> 23rd<\/span> mayo<\/h6><article class=\"mec-event-article \"><div class=\"mec-event-image\"><img decoding=\"async\" width=\"300\" height=\"300\" src=\"https:\/\/laprimaveradelcava.com\/wp-content\/uploads\/2025\/03\/Joan-Segura-Pujadas-La-Primavera-del-Cava-01-300x300.png\" class=\"attachment-thumblist size-thumblist wp-post-image\" alt=\"Joan Segura Pujadas\" data-mec-postid=\"1322\" \/><\/div><div class=\"mec-monthly-contents\" style=\"width: calc(100% - 86px)\"><div class=\"mec-event-time mec-color\"><i class=\"mec-sl-clock-o\"><\/i> 10:30 - 13:30<\/div><h4 class=\"mec-event-title\"><a class=\"mec-color-hover\" data-event-id=\"1322\" href=\"https:\/\/laprimaveradelcava.com\/es\/eventos\/joansegurapujadas\/\" target=\"_self\" rel=\"noopener\">Juego enogastron\u00f3mico entre vi\u00f1edo y bosque<\/a><\/h4><div class=\"mec-event-detail\">\n                        <div class=\"mec-event-loc-place\">CELLER JOAN SEGURA PUJADAS<\/div>\n                        \n                    <\/div><\/div><div style=\"clear:both\"><\/div><\/article><article class=\"mec-event-article \"><div class=\"mec-event-image\"><img decoding=\"async\" width=\"300\" height=\"300\" src=\"https:\/\/laprimaveradelcava.com\/wp-content\/uploads\/2026\/03\/La-Primavera-del-Cava-Pages-Entrena-4-300x300.png\" class=\"attachment-thumblist size-thumblist wp-post-image\" alt=\"pages entrena\" data-mec-postid=\"1964\" \/><\/div><div class=\"mec-monthly-contents\" style=\"width: calc(100% - 86px)\"><div class=\"mec-event-time mec-color\"><i class=\"mec-sl-clock-o\"><\/i> 12:00 - 17:00<\/div><h4 class=\"mec-event-title\"><a class=\"mec-color-hover\" data-event-id=\"1964\" href=\"https:\/\/laprimaveradelcava.com\/es\/eventos\/pagesentrena\/\" target=\"_self\" rel=\"noopener\">Gastronom\u00eda, Cava y Voz: una experiencia \u00edntima en Pag\u00e8s Entrena<\/a><\/h4><div class=\"mec-event-detail\">\n                        <div class=\"mec-event-loc-place\">CAVA PAG\u00c8S ENTRENA<\/div>\n                        \n                    <\/div><\/div><div style=\"clear:both\"><\/div><\/article><\/div><div class=\"mec-calendar-events-sec\" id=\"mec-calendar-events-sec-49-20260524\" data-mec-cell=\"20260524\" ><h6 class=\"mec-table-side-title\">Eventos para <span class=\"mec-color mec-table-side-day\"> 24th<\/span> mayo<\/h6><article class=\"mec-event-article \"><div class=\"mec-event-image\"><img decoding=\"async\" width=\"300\" height=\"300\" src=\"https:\/\/laprimaveradelcava.com\/wp-content\/uploads\/2025\/03\/La-Primavera-del-Cava-Giro-del-Gorner-4-300x300.png\" class=\"attachment-thumblist size-thumblist wp-post-image\" alt=\"La Primavera del Cava\" data-mec-postid=\"1319\" \/><\/div><div class=\"mec-monthly-contents\" style=\"width: calc(100% - 86px)\"><div class=\"mec-event-time mec-color\"><i class=\"mec-sl-clock-o\"><\/i> 11:00 - 14:00<\/div><h4 class=\"mec-event-title\"><a class=\"mec-color-hover\" data-event-id=\"1319\" href=\"https:\/\/laprimaveradelcava.com\/es\/eventos\/girodelgorner\/\" target=\"_self\" rel=\"noopener\">Ma\u00f1ana entre vi\u00f1edos: Desayuno de pay\u00e9s y cata vertical de cavas<\/a><\/h4><div class=\"mec-event-detail\">\n                        <div class=\"mec-event-loc-place\">GIR\u00d3 DEL GORNER<\/div>\n                        \n                    <\/div><\/div><div style=\"clear:both\"><\/div><\/article><\/div><div class=\"mec-calendar-events-sec\" id=\"mec-calendar-events-sec-49-20260525\" data-mec-cell=\"20260525\" ><h6 class=\"mec-table-side-title\">Eventos para <span class=\"mec-color mec-table-side-day\"> 25th<\/span> mayo<\/h6><article class=\"mec-event-article\"><div class=\"mec-event-detail\">Sin eventos<\/div><\/article><\/div><div class=\"mec-calendar-events-sec\" id=\"mec-calendar-events-sec-49-20260526\" data-mec-cell=\"20260526\" ><h6 class=\"mec-table-side-title\">Eventos para <span class=\"mec-color mec-table-side-day\"> 26th<\/span> mayo<\/h6><article class=\"mec-event-article\"><div class=\"mec-event-detail\">Sin eventos<\/div><\/article><\/div><div class=\"mec-calendar-events-sec\" id=\"mec-calendar-events-sec-49-20260527\" data-mec-cell=\"20260527\" ><h6 class=\"mec-table-side-title\">Eventos para <span class=\"mec-color mec-table-side-day\"> 27th<\/span> mayo<\/h6><article class=\"mec-event-article\"><div class=\"mec-event-detail\">Sin eventos<\/div><\/article><\/div><div class=\"mec-calendar-events-sec\" id=\"mec-calendar-events-sec-49-20260528\" data-mec-cell=\"20260528\" ><h6 class=\"mec-table-side-title\">Eventos para <span class=\"mec-color mec-table-side-day\"> 28th<\/span> mayo<\/h6><article class=\"mec-event-article\"><div class=\"mec-event-detail\">Sin eventos<\/div><\/article><\/div><div class=\"mec-calendar-events-sec\" id=\"mec-calendar-events-sec-49-20260529\" data-mec-cell=\"20260529\" ><h6 class=\"mec-table-side-title\">Eventos para <span class=\"mec-color mec-table-side-day\"> 29th<\/span> mayo<\/h6><article class=\"mec-event-article\"><div class=\"mec-event-detail\">Sin eventos<\/div><\/article><\/div><div class=\"mec-calendar-events-sec\" id=\"mec-calendar-events-sec-49-20260530\" data-mec-cell=\"20260530\" ><h6 class=\"mec-table-side-title\">Eventos para <span class=\"mec-color mec-table-side-day\"> 30th<\/span> mayo<\/h6><article class=\"mec-event-article \"><div class=\"mec-event-image\"><img decoding=\"async\" width=\"300\" height=\"300\" src=\"https:\/\/laprimaveradelcava.com\/wp-content\/uploads\/2025\/03\/Covides-La-Primavera-del-Cava-5-1-300x300.png\" class=\"attachment-thumblist size-thumblist wp-post-image\" alt=\"\" data-mec-postid=\"1320\" \/><\/div><div class=\"mec-monthly-contents\" style=\"width: calc(100% - 86px)\"><div class=\"mec-event-time mec-color\"><i class=\"mec-sl-clock-o\"><\/i> 09:30 - 13:30<\/div><h4 class=\"mec-event-title\"><a class=\"mec-color-hover\" data-event-id=\"1320\" href=\"https:\/\/laprimaveradelcava.com\/es\/eventos\/covides\/\" target=\"_self\" rel=\"noopener\">Taller de fotograf\u00eda y brunch entre vi\u00f1edos y caballos<\/a><\/h4><div class=\"mec-event-detail\">\n                        <div class=\"mec-event-loc-place\">CENTRO DE EQUITACI\u00d3N EXCELSIOR<\/div>\n                        \n                    <\/div><\/div><div style=\"clear:both\"><\/div><\/article><article class=\"mec-event-article \"><div class=\"mec-event-image\"><img decoding=\"async\" width=\"300\" height=\"300\" src=\"https:\/\/laprimaveradelcava.com\/wp-content\/uploads\/2025\/03\/1-1-300x300.jpg\" class=\"attachment-thumblist size-thumblist wp-post-image\" alt=\"Sumarroca La Primavera del Cava\" data-mec-postid=\"876\" \/><\/div><div class=\"mec-monthly-contents\" style=\"width: calc(100% - 86px)\"><div class=\"mec-event-time mec-color\"><i class=\"mec-sl-clock-o\"><\/i> 11:00 - 13:00<\/div><h4 class=\"mec-event-title\"><a class=\"mec-color-hover\" data-event-id=\"876\" href=\"https:\/\/laprimaveradelcava.com\/es\/eventos\/sumarroca\/\" target=\"_self\" rel=\"noopener\">En el vi\u00f1edo por primavera: 4 parcelas, 4 cavas, 4 maridajes<\/a><\/h4><div class=\"mec-event-detail\">\n                        <div class=\"mec-event-loc-place\">PUNTO DE ENCUENTRO: FINCA SUMARROCA EN MONISTROL DE ANOIA<\/div>\n                        \n                    <\/div><\/div><div style=\"clear:both\"><\/div><\/article><\/div><div class=\"mec-calendar-events-sec\" id=\"mec-calendar-events-sec-49-20260531\" data-mec-cell=\"20260531\" ><h6 class=\"mec-table-side-title\">Eventos para <span class=\"mec-color mec-table-side-day\"> 31st<\/span> mayo<\/h6><article class=\"mec-event-article\"><div class=\"mec-event-detail\">Sin eventos<\/div><\/article><\/div><\/div><\/div><\/div><div class=\"mec-event-footer\"><\/div>    <\/div>\n\n        \n        <div class=\"mec-modal-result\"><\/div>\n\n<\/div>[\/et_pb_text][\/et_pb_column][\/et_pb_row][\/et_pb_section]<\/p>\n","protected":false},"excerpt":{"rendered":"<p>[et_pb_section fb_built=\u00bb1&#8243; _builder_version=\u00bb4.25.0&#8243; _module_preset=\u00bbdefault\u00bb global_colors_info=\u00bb{}\u00bb][et_pb_row _builder_version=\u00bb4.25.0&#8243; _module_preset=\u00bbdefault\u00bb global_colors_info=\u00bb{}\u00bb][et_pb_column type=\u00bb4_4&#8243; _builder_version=\u00bb4.25.0&#8243; _module_preset=\u00bbdefault\u00bb global_colors_info=\u00bb{}\u00bb][et_pb_text _builder_version=\u00bb4.25.0&#8243; _module_preset=\u00bbdefault\u00bb global_colors_info=\u00bb{}\u00bb] Actividades | La Primavera del Cava [\/et_pb_text][et_pb_text _builder_version=\u00bb4.25.0&#8243; _module_preset=\u00bbdefault\u00bb global_colors_info=\u00bb{}\u00bb][\/et_pb_text][\/et_pb_column][\/et_pb_row][\/et_pb_section][et_pb_section fb_built=\u00bb1&#8243; _builder_version=\u00bb4.25.0&#8243; _module_preset=\u00bbdefault\u00bb background_color=\u00bb#F2F5E9&#8243; global_colors_info=\u00bb{}\u00bb][et_pb_row _builder_version=\u00bb4.25.0&#8243; _module_preset=\u00bbdefault\u00bb global_colors_info=\u00bb{}\u00bb][et_pb_column type=\u00bb4_4&#8243; _builder_version=\u00bb4.25.0&#8243; _module_preset=\u00bbdefault\u00bb global_colors_info=\u00bb{}\u00bb][et_pb_text _builder_version=\u00bb4.25.0&#8243; _module_preset=\u00bbdefault\u00bb global_colors_info=\u00bb{}\u00bb] Calendario de actividades [\/et_pb_text][et_pb_text _builder_version=\u00bb4.25.0&#8243; _module_preset=\u00bbdefault\u00bb global_colors_info=\u00bb{}\u00bb][\/et_pb_text][\/et_pb_column][\/et_pb_row][\/et_pb_section]<\/p>\n","protected":false},"author":1,"featured_media":1222,"parent":0,"menu_order":0,"comment_status":"closed","ping_status":"closed","template":"","meta":{"_et_pb_use_builder":"on","_et_pb_old_content":"","_et_gb_content_width":"","footnotes":""},"dipi_cpt_category":[],"class_list":["post-1967","page","type-page","status-publish","has-post-thumbnail","hentry"],"_links":{"self":[{"href":"https:\/\/laprimaveradelcava.com\/es\/wp-json\/wp\/v2\/pages\/1967","targetHints":{"allow":["GET"]}}],"collection":[{"href":"https:\/\/laprimaveradelcava.com\/es\/wp-json\/wp\/v2\/pages"}],"about":[{"href":"https:\/\/laprimaveradelcava.com\/es\/wp-json\/wp\/v2\/types\/page"}],"author":[{"embeddable":true,"href":"https:\/\/laprimaveradelcava.com\/es\/wp-json\/wp\/v2\/users\/1"}],"replies":[{"embeddable":true,"href":"https:\/\/laprimaveradelcava.com\/es\/wp-json\/wp\/v2\/comments?post=1967"}],"version-history":[{"count":6,"href":"https:\/\/laprimaveradelcava.com\/es\/wp-json\/wp\/v2\/pages\/1967\/revisions"}],"predecessor-version":[{"id":2058,"href":"https:\/\/laprimaveradelcava.com\/es\/wp-json\/wp\/v2\/pages\/1967\/revisions\/2058"}],"wp:featuredmedia":[{"embeddable":true,"href":"https:\/\/laprimaveradelcava.com\/es\/wp-json\/wp\/v2\/media\/1222"}],"wp:attachment":[{"href":"https:\/\/laprimaveradelcava.com\/es\/wp-json\/wp\/v2\/media?parent=1967"}],"wp:term":[{"taxonomy":"dipi_cpt_category","embeddable":true,"href":"https:\/\/laprimaveradelcava.com\/es\/wp-json\/wp\/v2\/dipi_cpt_category?post=1967"}],"curies":[{"name":"wp","href":"https:\/\/api.w.org\/{rel}","templated":true}]}}