{"id":951,"date":"2024-04-23T16:39:24","date_gmt":"2024-04-23T14:39:24","guid":{"rendered":"https:\/\/laprimaveradelcava.com\/entradas\/"},"modified":"2026-03-25T11:12:07","modified_gmt":"2026-03-25T10:12:07","slug":"entradas","status":"publish","type":"page","link":"https:\/\/laprimaveradelcava.com\/es\/entradas\/","title":{"rendered":"Entradas"},"content":{"rendered":"<p>[et_pb_section fb_built=\u00bb1&#8243; module_class=\u00bbheader-home\u00bb _builder_version=\u00bb4.25.0&#8243; _module_preset=\u00bbdefault\u00bb background_color=\u00bb#cecece\u00bb background_image=\u00bbhttps:\/\/laprimaveradelcava.com\/wp-content\/uploads\/2024\/04\/1-4.png\u00bb background_blend=\u00bbmultiply\u00bb min_height=\u00bb55vh\u00bb min_height_tablet=\u00bb75vh\u00bb min_height_phone=\u00bb40vh\u00bb min_height_last_edited=\u00bbon|phone\u00bb custom_margin=\u00bb12px|12px|12px|12px|false|false\u00bb custom_padding=\u00bb||||false|false\u00bb filter_hue_rotate=\u00bb11deg\u00bb filter_saturate=\u00bb86%\u00bb border_radii=\u00bbon|8px|8px|8px|8px\u00bb locked=\u00bboff\u00bb global_colors_info=\u00bb{}\u00bb][et_pb_row custom_padding_last_edited=\u00bbon|tablet\u00bb _builder_version=\u00bb4.25.0&#8243; _module_preset=\u00bb_initial\u00bb positioning=\u00bbabsolute\u00bb position_origin_a=\u00bbbottom_center\u00bb position_origin_a_tablet=\u00bbbottom_center\u00bb position_origin_a_phone=\u00bbbottom_center\u00bb position_origin_a_last_edited=\u00bbon|tablet\u00bb position_origin_f_tablet=\u00bb\u00bb position_origin_f_phone=\u00bb\u00bb position_origin_f_last_edited=\u00bbon|desktop\u00bb position_origin_r_tablet=\u00bb\u00bb position_origin_r_phone=\u00bb\u00bb position_origin_r_last_edited=\u00bbon|desktop\u00bb max_width_tablet=\u00bb\u00bb max_width_phone=\u00bb\u00bb max_width_last_edited=\u00bbon|desktop\u00bb custom_padding=\u00bb||60px||false|false\u00bb custom_padding_tablet=\u00bb||60px||false|false\u00bb custom_padding_phone=\u00bb||60px||false|false\u00bb positioning_tablet=\u00bbnone\u00bb positioning_phone=\u00bbnone\u00bb positioning_last_edited=\u00bbon|desktop\u00bb global_colors_info=\u00bb{}\u00bb][et_pb_column type=\u00bb4_4&#8243; _builder_version=\u00bb4.23.1&#8243; _module_preset=\u00bbdefault\u00bb global_colors_info=\u00bb{}\u00bb][et_pb_text _builder_version=\u00bb4.25.0&#8243; _module_preset=\u00bb_initial\u00bb background_layout=\u00bbdark\u00bb max_width=\u00bb90%\u00bb max_width_tablet=\u00bb100%\u00bb max_width_phone=\u00bb100%\u00bb max_width_last_edited=\u00bbon|phone\u00bb custom_padding=\u00bb|0px||||\u00bb global_colors_info=\u00bb{}\u00bb]<\/p>\n<h1>Entradas | La Primavera del Cava<\/h1>\n<p>[\/et_pb_text][\/et_pb_column][\/et_pb_row][\/et_pb_section][et_pb_section fb_built=\u00bb1&#8243; admin_label=\u00bbsection\u00bb _builder_version=\u00bb4.25.0&#8243; background_color=\u00bbRGBA(255,255,255,0)\u00bb custom_margin=\u00bb-97px|||||\u00bb custom_padding=\u00bb118px|||||\u00bb global_colors_info=\u00bb{}\u00bb][et_pb_row _builder_version=\u00bb4.25.0&#8243; _module_preset=\u00bbdefault\u00bb global_colors_info=\u00bb{}\u00bb][et_pb_column type=\u00bb4_4&#8243; _builder_version=\u00bb4.25.0&#8243; _module_preset=\u00bbdefault\u00bb global_colors_info=\u00bb{}\u00bb][et_pb_text _builder_version=\u00bb4.25.0&#8243; _module_preset=\u00bbdefault\u00bb global_colors_info=\u00bb{}\u00bb]<\/p>\n<h2>Las entradas son limitadas. \u00a1No te quedes sin ellas!<\/h2>\n<p data-start=\"0\" data-end=\"411\">Queremos que tengas una<strong> experiencia personalizada<\/strong>, de peque\u00f1o formato, donde seas el protagonista. Las actividades que te ofrecemos est\u00e1n alejadas de las masificaciones: son de peque\u00f1o formato para que aprendas, disfrutes y pases un d\u00eda memorable. No olvides revisar la disponibilidad antes de realizar la compra, ya que las plazas son muy limitadas y se agotan r\u00e1pidamente.  <\/p>\n<p data-start=\"413\" data-end=\"805\"><strong>A continuaci\u00f3n ver\u00e1s las actividades y sus precios.<\/strong> Los hay para todos los gustos y bolsillos. S\u00f3lo tienes que escoger la que m\u00e1s te guste y compres tus entradas, que recibir\u00e1s en tu mail y tendr\u00e1s que llevar a la bodega. Ya queda poquito. \u00a1Nos vemos este mayo! Para cualquier duda o necesidad especial, ponte en contacto con nosotros y le ayudaremos a disfrutar al m\u00e1ximo de la experiencia.     <\/p>\n<p data-start=\"807\" data-end=\"1004\" data-is-last-node=\"\" data-is-only-node=\"\"><strong>CLUBES DE OCIO<\/strong>: Si eres miembro del Club La Vanguardia o del TRESC, disfrutar\u00e1s de un 10% de descuento. No dejes pasar esta oportunidad. Si formas parte, s\u00f3lo tienes que entrar en la web de estos portales.  <\/p>\n<p>[\/et_pb_text][\/et_pb_column][\/et_pb_row][et_pb_row admin_label=\u00bbrow\u00bb _builder_version=\u00bb4.16&#8243; background_size=\u00bbinitial\u00bb background_position=\u00bbtop_left\u00bb background_repeat=\u00bbrepeat\u00bb global_colors_info=\u00bb{}\u00bb][et_pb_column type=\u00bb4_4&#8243; _builder_version=\u00bb4.16&#8243; custom_padding=\u00bb|||\u00bb global_colors_info=\u00bb{}\u00bb custom_padding__hover=\u00bb|||\u00bb][et_pb_text _builder_version=\u00bb4.25.0&#8243; _module_preset=\u00bbdefault\u00bb global_colors_info=\u00bb{}\u00bb]<\/p>\n<div class=\"entrades\"><div class=\"entrada EventScheduled 1315\"><div class=\"img\"><img decoding=\"async\" width=\"1500\" height=\"1000\" src=\"https:\/\/laprimaveradelcava.com\/wp-content\/uploads\/2025\/03\/Bodegues-Capita-Vidal-La-Primavera-del-Cava-3.png\" class=\"attachment-full size-full wp-post-image\" alt=\"Capit\u00e0 Vidal\" srcset=\"https:\/\/laprimaveradelcava.com\/wp-content\/uploads\/2025\/03\/Bodegues-Capita-Vidal-La-Primavera-del-Cava-3.png 1500w, https:\/\/laprimaveradelcava.com\/wp-content\/uploads\/2025\/03\/Bodegues-Capita-Vidal-La-Primavera-del-Cava-3-1280x853.png 1280w, https:\/\/laprimaveradelcava.com\/wp-content\/uploads\/2025\/03\/Bodegues-Capita-Vidal-La-Primavera-del-Cava-3-980x653.png 980w, https:\/\/laprimaveradelcava.com\/wp-content\/uploads\/2025\/03\/Bodegues-Capita-Vidal-La-Primavera-del-Cava-3-480x320.png 480w\" sizes=\"(min-width: 0px) and (max-width: 480px) 480px, (min-width: 481px) and (max-width: 980px) 980px, (min-width: 981px) and (max-width: 1280px) 1280px, (min-width: 1281px) 1500px, 100vw\" \/><\/div><div class=\"contingut\"><a href=\"https:\/\/laprimaveradelcava.com\/es\/eventos\/capitavidal\/\"><p class=\"ubi\">Bodegues Capit\u00e0 Vidal<\/p><p class=\"titol\">Caminata entre vi\u00f1edos con cata de cavas y m\u00fasica en directo<\/p><\/a><p class=\"data\">S\u00e1bado  9 mayo, 10:00h<\/p><p class=\"preu\">Precio: 24\u20ac<\/p><p class=\"extracte\">De 7 a 17 a\u00f1os: 15 \u20ac<\/br>\nDe 0 a 6 a\u00f1os: gratuito<\/br><\/br>\n\n<strong>Actividad parcial, sin caminata (con aperitivo, cata, concierto y copa de regalo):<\/strong><\/br>\nPrecio adultos: 14 \u20ac <\/br>\nDe 7 a 17 a\u00f1os: 8 \u20ac<\/br>\nDe 0 a 6 a\u00f1os: gratuito<\/p><a class=\"comprar\" href=\"https:\/\/tickets.oneboxtds.com\/aecava\/select\/2804955\" target=\"_blank\" rel=\"noopener\">Comprar entradas<\/a><\/div><\/div><div class=\"entrada EventScheduled 1963\"><div class=\"img\"><img decoding=\"async\" width=\"1500\" height=\"1000\" src=\"https:\/\/laprimaveradelcava.com\/wp-content\/uploads\/2026\/03\/La-Primavera-del-Cava-Canals-i-Domingo-3.png\" class=\"attachment-full size-full wp-post-image\" alt=\"Canals &amp; Domingo\" srcset=\"https:\/\/laprimaveradelcava.com\/wp-content\/uploads\/2026\/03\/La-Primavera-del-Cava-Canals-i-Domingo-3.png 1500w, https:\/\/laprimaveradelcava.com\/wp-content\/uploads\/2026\/03\/La-Primavera-del-Cava-Canals-i-Domingo-3-1280x853.png 1280w, https:\/\/laprimaveradelcava.com\/wp-content\/uploads\/2026\/03\/La-Primavera-del-Cava-Canals-i-Domingo-3-980x653.png 980w, https:\/\/laprimaveradelcava.com\/wp-content\/uploads\/2026\/03\/La-Primavera-del-Cava-Canals-i-Domingo-3-480x320.png 480w\" sizes=\"(min-width: 0px) and (max-width: 480px) 480px, (min-width: 481px) and (max-width: 980px) 980px, (min-width: 981px) and (max-width: 1280px) 1280px, (min-width: 1281px) 1500px, 100vw\" \/><\/div><div class=\"contingut\"><a href=\"https:\/\/laprimaveradelcava.com\/es\/eventos\/canalsidomingo\/\"><p class=\"ubi\">Canals &amp; Domingo<\/p><p class=\"titol\">Desayuno de brasa entre vi\u00f1edos y juego de cata a ciegas<\/p><\/a><p class=\"data\">S\u00e1bado  9 mayo, 10:30h<\/p><p class=\"preu\">Precio: 39\u20ac<\/p><p class=\"extracte\">De 4 a 12 a\u00f1os: 15\u20ac<br>De 0 a 3 a\u00f1os: gratuito<\/p><a class=\"comprar\" href=\"https:\/\/tickets.oneboxtds.com\/aecava\/select\/2805006\" target=\"_blank\" rel=\"noopener\">Comprar entradas<\/a><\/div><\/div><div class=\"entrada EventScheduled 1317\"><div class=\"img\"><img decoding=\"async\" width=\"1500\" height=\"1000\" src=\"https:\/\/laprimaveradelcava.com\/wp-content\/uploads\/2025\/03\/Rovellats-LPDC-7.png\" class=\"attachment-full size-full wp-post-image\" alt=\"La Primavera del Cava Enoturisme al Pened\u00e8s Experi\u00e8ncies i diversi\u00f3\" srcset=\"https:\/\/laprimaveradelcava.com\/wp-content\/uploads\/2025\/03\/Rovellats-LPDC-7.png 1500w, https:\/\/laprimaveradelcava.com\/wp-content\/uploads\/2025\/03\/Rovellats-LPDC-7-1280x853.png 1280w, https:\/\/laprimaveradelcava.com\/wp-content\/uploads\/2025\/03\/Rovellats-LPDC-7-980x653.png 980w, https:\/\/laprimaveradelcava.com\/wp-content\/uploads\/2025\/03\/Rovellats-LPDC-7-480x320.png 480w\" sizes=\"(min-width: 0px) and (max-width: 480px) 480px, (min-width: 481px) and (max-width: 980px) 980px, (min-width: 981px) and (max-width: 1280px) 1280px, (min-width: 1281px) 1500px, 100vw\" \/><\/div><div class=\"contingut\"><a href=\"https:\/\/laprimaveradelcava.com\/es\/eventos\/cavarovellats\/\"><p class=\"ubi\">Rovellats<\/p><p class=\"titol\">Esencia Rovellats: 3 tapas, 3 cavas<\/p><\/a><p class=\"data\">S\u00e1bado  9 mayo, 17:00h<\/p><p class=\"preu\">Precio: 45\u20ac<\/p><p class=\"extracte\">De 4 a 17 a\u00f1os: 28\u20ac <\/br>\nDe 0 a 3 a\u00f1os: gratuito<\/p><a class=\"comprar\" href=\"https:\/\/tickets.oneboxtds.com\/aecava\/select\/2805015\" target=\"_blank\" rel=\"noopener\">Comprar entradas<\/a><\/div><\/div><div class=\"entrada EventScheduled 1321\"><div class=\"img\"><img decoding=\"async\" width=\"6720\" height=\"4480\" src=\"https:\/\/laprimaveradelcava.com\/wp-content\/uploads\/2024\/04\/ostres-3.jpg\" class=\"attachment-full size-full wp-post-image\" alt=\"Carles Andreu La Primavera del Cava\" srcset=\"https:\/\/laprimaveradelcava.com\/wp-content\/uploads\/2024\/04\/ostres-3.jpg 6720w, https:\/\/laprimaveradelcava.com\/wp-content\/uploads\/2024\/04\/ostres-3-1280x853.jpg 1280w, https:\/\/laprimaveradelcava.com\/wp-content\/uploads\/2024\/04\/ostres-3-980x653.jpg 980w, https:\/\/laprimaveradelcava.com\/wp-content\/uploads\/2024\/04\/ostres-3-480x320.jpg 480w\" sizes=\"(min-width: 0px) and (max-width: 480px) 480px, (min-width: 481px) and (max-width: 980px) 980px, (min-width: 981px) and (max-width: 1280px) 1280px, (min-width: 1281px) 6720px, 100vw\" \/><\/div><div class=\"contingut\"><a href=\"https:\/\/laprimaveradelcava.com\/es\/eventos\/carlesandreu\/\"><p class=\"ubi\">Celler Carles Andreu<\/p><p class=\"titol\">Vespre d\u2019ostres i cava al Celler Carles Andreu<\/p><\/a><p class=\"data\">S\u00e1bado  9 mayo, 19:00h<\/p><p class=\"preu\">Precio: 24\u20ac<\/p><a class=\"comprar\" href=\"https:\/\/tickets.oneboxtds.com\/aecava\/select\/2805017\" target=\"_blank\" rel=\"noopener\">Comprar entradas<\/a><\/div><\/div><div class=\"entrada EventScheduled 1314\"><div class=\"img\"><img decoding=\"async\" width=\"1500\" height=\"1000\" src=\"https:\/\/laprimaveradelcava.com\/wp-content\/uploads\/2025\/03\/Canals-i-Munne-La-Primavera-del-Cava-1.png\" class=\"attachment-full size-full wp-post-image\" alt=\"Canals &amp; Munn\u00e9\" srcset=\"https:\/\/laprimaveradelcava.com\/wp-content\/uploads\/2025\/03\/Canals-i-Munne-La-Primavera-del-Cava-1.png 1500w, https:\/\/laprimaveradelcava.com\/wp-content\/uploads\/2025\/03\/Canals-i-Munne-La-Primavera-del-Cava-1-1280x853.png 1280w, https:\/\/laprimaveradelcava.com\/wp-content\/uploads\/2025\/03\/Canals-i-Munne-La-Primavera-del-Cava-1-980x653.png 980w, https:\/\/laprimaveradelcava.com\/wp-content\/uploads\/2025\/03\/Canals-i-Munne-La-Primavera-del-Cava-1-480x320.png 480w\" sizes=\"(min-width: 0px) and (max-width: 480px) 480px, (min-width: 481px) and (max-width: 980px) 980px, (min-width: 981px) and (max-width: 1280px) 1280px, (min-width: 1281px) 1500px, 100vw\" \/><\/div><div class=\"contingut\"><a href=\"https:\/\/laprimaveradelcava.com\/es\/eventos\/canalsimunne\/\"><p class=\"ubi\">Canals &amp; Munn\u00e9<\/p><p class=\"titol\">Desayuno de pay\u00e9s + Maridaje de 5 chocolates con cava, licor y mosto<\/p><\/a><p class=\"data\">S\u00e1bado 16 mayo, 10:30h<\/p><p class=\"preu\">Precio: 29\u20ac<\/p><p class=\"extracte\">Entrada Infantil de 4 a 12 a\u00f1os: 15\u20ac<br>Entrada Infantil de 0 a 3 a\u00f1os: 0\u20ac<\/p><a class=\"comprar\" href=\"https:\/\/tickets.oneboxtds.com\/aecava\/select\/2805346\" target=\"_blank\" rel=\"noopener\">Comprar entradas<\/a><\/div><\/div><div class=\"entrada EventScheduled 1316\"><div class=\"img\"><img decoding=\"async\" width=\"1500\" height=\"1000\" src=\"https:\/\/laprimaveradelcava.com\/wp-content\/uploads\/2025\/01\/u-mes-u.png\" class=\"attachment-full size-full wp-post-image\" alt=\"\" srcset=\"https:\/\/laprimaveradelcava.com\/wp-content\/uploads\/2025\/01\/u-mes-u.png 1500w, https:\/\/laprimaveradelcava.com\/wp-content\/uploads\/2025\/01\/u-mes-u-1280x853.png 1280w, https:\/\/laprimaveradelcava.com\/wp-content\/uploads\/2025\/01\/u-mes-u-980x653.png 980w, https:\/\/laprimaveradelcava.com\/wp-content\/uploads\/2025\/01\/u-mes-u-480x320.png 480w\" sizes=\"(min-width: 0px) and (max-width: 480px) 480px, (min-width: 481px) and (max-width: 980px) 980px, (min-width: 981px) and (max-width: 1280px) 1280px, (min-width: 1281px) 1500px, 100vw\" \/><\/div><div class=\"contingut\"><a href=\"https:\/\/laprimaveradelcava.com\/es\/eventos\/umesu\/\"><p class=\"ubi\">U MES U<\/p><p class=\"titol\">Visita exclusiva, aperitivo con 3 cavas y cata en la cripta<\/p><\/a><p class=\"data\">S\u00e1bado 16 mayo, 11:00h<\/p><p class=\"preu\">Precio: 25\u20ac<\/p><a class=\"comprar\" href=\"https:\/\/laprimaveradelcava.com\/activitats\/\" target=\"_blank\">ENTRADAS AGOTADAS<\/a><\/div><\/div><div class=\"entrada EventScheduled 1962\"><div class=\"img\"><img decoding=\"async\" width=\"1500\" height=\"1000\" src=\"https:\/\/laprimaveradelcava.com\/wp-content\/uploads\/2026\/03\/La-Primavera-del-Cava-Jovani-Vins-4.png\" class=\"attachment-full size-full wp-post-image\" alt=\"cava jovani\" srcset=\"https:\/\/laprimaveradelcava.com\/wp-content\/uploads\/2026\/03\/La-Primavera-del-Cava-Jovani-Vins-4.png 1500w, https:\/\/laprimaveradelcava.com\/wp-content\/uploads\/2026\/03\/La-Primavera-del-Cava-Jovani-Vins-4-1280x853.png 1280w, https:\/\/laprimaveradelcava.com\/wp-content\/uploads\/2026\/03\/La-Primavera-del-Cava-Jovani-Vins-4-980x653.png 980w, https:\/\/laprimaveradelcava.com\/wp-content\/uploads\/2026\/03\/La-Primavera-del-Cava-Jovani-Vins-4-480x320.png 480w\" sizes=\"(min-width: 0px) and (max-width: 480px) 480px, (min-width: 481px) and (max-width: 980px) 980px, (min-width: 981px) and (max-width: 1280px) 1280px, (min-width: 1281px) 1500px, 100vw\" \/><\/div><div class=\"contingut\"><a href=\"https:\/\/laprimaveradelcava.com\/es\/eventos\/cavajovani\/\"><p class=\"ubi\">Jovani Vins<\/p><p class=\"titol\">De cuando el vi\u00f1edo llora a cuando florece: Cata de 4 cavas con maridajes y vermut mediterr\u00e1neo<\/p><\/a><p class=\"data\">S\u00e1bado 16 mayo, 11:00h<\/p><p class=\"preu\">Precio: 49\u20ac<\/p><a class=\"comprar\" href=\"https:\/\/tickets.oneboxtds.com\/aecava\/select\/2805350\" target=\"_blank\" rel=\"noopener\">Comprar entradas<\/a><\/div><\/div><div class=\"entrada EventScheduled 1965\"><div class=\"img\"><img decoding=\"async\" width=\"1500\" height=\"1000\" src=\"https:\/\/laprimaveradelcava.com\/wp-content\/uploads\/2026\/03\/La-Primavera-del-Cava-Masia-Torreblanca-1.png\" class=\"attachment-full size-full wp-post-image\" alt=\"vinyes torreblanca\" srcset=\"https:\/\/laprimaveradelcava.com\/wp-content\/uploads\/2026\/03\/La-Primavera-del-Cava-Masia-Torreblanca-1.png 1500w, https:\/\/laprimaveradelcava.com\/wp-content\/uploads\/2026\/03\/La-Primavera-del-Cava-Masia-Torreblanca-1-1280x853.png 1280w, https:\/\/laprimaveradelcava.com\/wp-content\/uploads\/2026\/03\/La-Primavera-del-Cava-Masia-Torreblanca-1-980x653.png 980w, https:\/\/laprimaveradelcava.com\/wp-content\/uploads\/2026\/03\/La-Primavera-del-Cava-Masia-Torreblanca-1-480x320.png 480w\" sizes=\"(min-width: 0px) and (max-width: 480px) 480px, (min-width: 481px) and (max-width: 980px) 980px, (min-width: 981px) and (max-width: 1280px) 1280px, (min-width: 1281px) 1500px, 100vw\" \/><\/div><div class=\"contingut\"><a href=\"https:\/\/laprimaveradelcava.com\/es\/eventos\/masiatorreblanca\/\"><p class=\"ubi\">Masia Torreblanca<\/p><p class=\"titol\">Cata muy sorprendente y brunch con vistas a los vi\u00f1edos<\/p><\/a><p class=\"data\">S\u00e1bado 16 mayo, 11:00h<\/p><p class=\"preu\">Precio: 48\u20ac<\/p><a class=\"comprar\" href=\"https:\/\/tickets.oneboxtds.com\/aecava\/select\/2805351\" target=\"_blank\" rel=\"noopener\">Comprar entradas<\/a><\/div><\/div><div class=\"entrada EventScheduled 1960\"><div class=\"img\"><img decoding=\"async\" width=\"1500\" height=\"1000\" src=\"https:\/\/laprimaveradelcava.com\/wp-content\/uploads\/2026\/03\/batllori-La-Primavera-del-Cava-5-1.png\" class=\"attachment-full size-full wp-post-image\" alt=\"batllori\" srcset=\"https:\/\/laprimaveradelcava.com\/wp-content\/uploads\/2026\/03\/batllori-La-Primavera-del-Cava-5-1.png 1500w, https:\/\/laprimaveradelcava.com\/wp-content\/uploads\/2026\/03\/batllori-La-Primavera-del-Cava-5-1-1280x853.png 1280w, https:\/\/laprimaveradelcava.com\/wp-content\/uploads\/2026\/03\/batllori-La-Primavera-del-Cava-5-1-980x653.png 980w, https:\/\/laprimaveradelcava.com\/wp-content\/uploads\/2026\/03\/batllori-La-Primavera-del-Cava-5-1-480x320.png 480w\" sizes=\"(min-width: 0px) and (max-width: 480px) 480px, (min-width: 481px) and (max-width: 980px) 980px, (min-width: 981px) and (max-width: 1280px) 1280px, (min-width: 1281px) 1500px, 100vw\" \/><\/div><div class=\"contingut\"><a href=\"https:\/\/laprimaveradelcava.com\/es\/eventos\/batllori\/\"><p class=\"ubi\">Batllori<\/p><p class=\"titol\">Brunch entre vi\u00f1edos y f\u00f3siles<\/p><\/a><p class=\"data\">Domingo 17 mayo, 10:00h<\/p><p class=\"preu\">Precio: 38\u20ac<\/p><p class=\"extracte\">De 7 a 17 a\u00f1os: 16\u20ac<\/br>\nDe 0 6 a\u00f1os: gratuito<\/p><a class=\"comprar\" href=\"https:\/\/tickets.oneboxtds.com\/aecava\/select\/2805376\" target=\"_blank\" rel=\"noopener\">Comprar entradas<\/a><\/div><\/div><div class=\"entrada EventScheduled 1961\"><div class=\"img\"><img decoding=\"async\" width=\"1500\" height=\"1000\" src=\"https:\/\/laprimaveradelcava.com\/wp-content\/uploads\/2026\/03\/La-Primavera-del-Cava-Codorniu-2.png\" class=\"attachment-full size-full wp-post-image\" alt=\"codorniu\" srcset=\"https:\/\/laprimaveradelcava.com\/wp-content\/uploads\/2026\/03\/La-Primavera-del-Cava-Codorniu-2.png 1500w, https:\/\/laprimaveradelcava.com\/wp-content\/uploads\/2026\/03\/La-Primavera-del-Cava-Codorniu-2-1280x853.png 1280w, https:\/\/laprimaveradelcava.com\/wp-content\/uploads\/2026\/03\/La-Primavera-del-Cava-Codorniu-2-980x653.png 980w, https:\/\/laprimaveradelcava.com\/wp-content\/uploads\/2026\/03\/La-Primavera-del-Cava-Codorniu-2-480x320.png 480w\" sizes=\"(min-width: 0px) and (max-width: 480px) 480px, (min-width: 481px) and (max-width: 980px) 980px, (min-width: 981px) and (max-width: 1280px) 1280px, (min-width: 1281px) 1500px, 100vw\" \/><\/div><div class=\"contingut\"><a href=\"https:\/\/laprimaveradelcava.com\/es\/eventos\/codorniu\/\"><p class=\"ubi\">Codorn\u00edu<\/p><p class=\"titol\">Cavas Florales &amp; Brunch<\/p><\/a><p class=\"data\">Domingo 17 mayo, 11:00h<\/p><p class=\"preu\">Precio: 48\u20ac<\/p><a class=\"comprar\" href=\"https:\/\/tickets.oneboxtds.com\/aecava\/select\/2805377\" target=\"_blank\" rel=\"noopener\">Comprar entradas<\/a><\/div><\/div><div class=\"entrada EventScheduled 872\"><div class=\"img\"><img decoding=\"async\" width=\"1500\" height=\"1000\" src=\"https:\/\/laprimaveradelcava.com\/wp-content\/uploads\/2025\/01\/La-Primavera-del-Cava-Vilarnau-1.png\" class=\"attachment-full size-full wp-post-image\" alt=\"Vilarnau La Primavera del Cava\" srcset=\"https:\/\/laprimaveradelcava.com\/wp-content\/uploads\/2025\/01\/La-Primavera-del-Cava-Vilarnau-1.png 1500w, https:\/\/laprimaveradelcava.com\/wp-content\/uploads\/2025\/01\/La-Primavera-del-Cava-Vilarnau-1-1280x853.png 1280w, https:\/\/laprimaveradelcava.com\/wp-content\/uploads\/2025\/01\/La-Primavera-del-Cava-Vilarnau-1-980x653.png 980w, https:\/\/laprimaveradelcava.com\/wp-content\/uploads\/2025\/01\/La-Primavera-del-Cava-Vilarnau-1-480x320.png 480w\" sizes=\"(min-width: 0px) and (max-width: 480px) 480px, (min-width: 481px) and (max-width: 980px) 980px, (min-width: 981px) and (max-width: 1280px) 1280px, (min-width: 1281px) 1500px, 100vw\" \/><\/div><div class=\"contingut\"><a href=\"https:\/\/laprimaveradelcava.com\/es\/eventos\/vilarnau\/\"><p class=\"ubi\">Vilarnau<\/p><p class=\"titol\">Cena-maridaje con 20 quesos de Xerigots y un postre inspirado en el Pened\u00e8s<\/p><\/a><p class=\"data\">Viernes 22 mayo, 20:00h<\/p><p class=\"preu\">Precio: 49\u20ac<\/p><a class=\"comprar\" href=\"https:\/\/tickets.oneboxtds.com\/aecava\/select\/2805378\" target=\"_blank\" rel=\"noopener\">Comprar entradas<\/a><\/div><\/div><div class=\"entrada EventScheduled 1322\"><div class=\"img\"><img decoding=\"async\" width=\"1500\" height=\"1000\" src=\"https:\/\/laprimaveradelcava.com\/wp-content\/uploads\/2025\/03\/Joan-Segura-Pujadas-La-Primavera-del-Cava-01.png\" class=\"attachment-full size-full wp-post-image\" alt=\"Joan Segura Pujadas\" srcset=\"https:\/\/laprimaveradelcava.com\/wp-content\/uploads\/2025\/03\/Joan-Segura-Pujadas-La-Primavera-del-Cava-01.png 1500w, https:\/\/laprimaveradelcava.com\/wp-content\/uploads\/2025\/03\/Joan-Segura-Pujadas-La-Primavera-del-Cava-01-1280x853.png 1280w, https:\/\/laprimaveradelcava.com\/wp-content\/uploads\/2025\/03\/Joan-Segura-Pujadas-La-Primavera-del-Cava-01-980x653.png 980w, https:\/\/laprimaveradelcava.com\/wp-content\/uploads\/2025\/03\/Joan-Segura-Pujadas-La-Primavera-del-Cava-01-480x320.png 480w\" sizes=\"(min-width: 0px) and (max-width: 480px) 480px, (min-width: 481px) and (max-width: 980px) 980px, (min-width: 981px) and (max-width: 1280px) 1280px, (min-width: 1281px) 1500px, 100vw\" \/><\/div><div class=\"contingut\"><a href=\"https:\/\/laprimaveradelcava.com\/es\/eventos\/joansegurapujadas\/\"><p class=\"ubi\">Celler Joan Segura Pujadas<\/p><p class=\"titol\">Juego enogastron\u00f3mico entre vi\u00f1edo y bosque<\/p><\/a><p class=\"data\">S\u00e1bado 23 mayo, 10:30h<\/p><p class=\"preu\">Precio: 40\u20ac<\/p><a class=\"comprar\" href=\"https:\/\/tickets.oneboxtds.com\/aecava\/select\/2805380\" target=\"_blank\" rel=\"noopener\">Comprar entradas<\/a><\/div><\/div><div class=\"entrada EventScheduled 1964\"><div class=\"img\"><img decoding=\"async\" width=\"1500\" height=\"1000\" src=\"https:\/\/laprimaveradelcava.com\/wp-content\/uploads\/2026\/03\/La-Primavera-del-Cava-Pages-Entrena-4.png\" class=\"attachment-full size-full wp-post-image\" alt=\"pages entrena\" srcset=\"https:\/\/laprimaveradelcava.com\/wp-content\/uploads\/2026\/03\/La-Primavera-del-Cava-Pages-Entrena-4.png 1500w, https:\/\/laprimaveradelcava.com\/wp-content\/uploads\/2026\/03\/La-Primavera-del-Cava-Pages-Entrena-4-1280x853.png 1280w, https:\/\/laprimaveradelcava.com\/wp-content\/uploads\/2026\/03\/La-Primavera-del-Cava-Pages-Entrena-4-980x653.png 980w, https:\/\/laprimaveradelcava.com\/wp-content\/uploads\/2026\/03\/La-Primavera-del-Cava-Pages-Entrena-4-480x320.png 480w\" sizes=\"(min-width: 0px) and (max-width: 480px) 480px, (min-width: 481px) and (max-width: 980px) 980px, (min-width: 981px) and (max-width: 1280px) 1280px, (min-width: 1281px) 1500px, 100vw\" \/><\/div><div class=\"contingut\"><a href=\"https:\/\/laprimaveradelcava.com\/es\/eventos\/pagesentrena\/\"><p class=\"ubi\">Pag\u00e8s Entrena<\/p><p class=\"titol\">Gastronom\u00eda, Cava y Voz: una experiencia \u00edntima en Pag\u00e8s Entrena<\/p><\/a><p class=\"data\">S\u00e1bado 23 mayo, 12:00h<\/p><p class=\"preu\">Precio: 65\u20ac<\/p><a class=\"comprar\" href=\"https:\/\/tickets.oneboxtds.com\/aecava\/select\/2805381\" target=\"_blank\" rel=\"noopener\">Comprar entradas<\/a><\/div><\/div><div class=\"entrada EventScheduled 1319\"><div class=\"img\"><img decoding=\"async\" width=\"1500\" height=\"1000\" src=\"https:\/\/laprimaveradelcava.com\/wp-content\/uploads\/2025\/03\/La-Primavera-del-Cava-Giro-del-Gorner-4.png\" class=\"attachment-full size-full wp-post-image\" alt=\"La Primavera del Cava\" srcset=\"https:\/\/laprimaveradelcava.com\/wp-content\/uploads\/2025\/03\/La-Primavera-del-Cava-Giro-del-Gorner-4.png 1500w, https:\/\/laprimaveradelcava.com\/wp-content\/uploads\/2025\/03\/La-Primavera-del-Cava-Giro-del-Gorner-4-1280x853.png 1280w, https:\/\/laprimaveradelcava.com\/wp-content\/uploads\/2025\/03\/La-Primavera-del-Cava-Giro-del-Gorner-4-980x653.png 980w, https:\/\/laprimaveradelcava.com\/wp-content\/uploads\/2025\/03\/La-Primavera-del-Cava-Giro-del-Gorner-4-480x320.png 480w\" sizes=\"(min-width: 0px) and (max-width: 480px) 480px, (min-width: 481px) and (max-width: 980px) 980px, (min-width: 981px) and (max-width: 1280px) 1280px, (min-width: 1281px) 1500px, 100vw\" \/><\/div><div class=\"contingut\"><a href=\"https:\/\/laprimaveradelcava.com\/es\/eventos\/girodelgorner\/\"><p class=\"ubi\">Gir\u00f3 del Gorner<\/p><p class=\"titol\">Ma\u00f1ana entre vi\u00f1edos: Desayuno de pay\u00e9s y cata vertical de cavas<\/p><\/a><p class=\"data\">Domingo 24 mayo, 11:00h<\/p><p class=\"preu\">Precio: 42\u20ac<\/p><p class=\"extracte\">De 6 a 9 a\u00f1os: 21\u20ac<\/br>\nDe 0 a 5 a\u00f1os: gratuito<\/p><a class=\"comprar\" href=\"https:\/\/tickets.oneboxtds.com\/aecava\/select\/2805337\" target=\"_blank\" rel=\"noopener\">Comprar entradas<\/a><\/div><\/div><div class=\"entrada EventScheduled 1320\"><div class=\"img\"><img decoding=\"async\" width=\"1500\" height=\"1000\" src=\"https:\/\/laprimaveradelcava.com\/wp-content\/uploads\/2025\/03\/Covides-La-Primavera-del-Cava-5-1.png\" class=\"attachment-full size-full wp-post-image\" alt=\"\" srcset=\"https:\/\/laprimaveradelcava.com\/wp-content\/uploads\/2025\/03\/Covides-La-Primavera-del-Cava-5-1.png 1500w, https:\/\/laprimaveradelcava.com\/wp-content\/uploads\/2025\/03\/Covides-La-Primavera-del-Cava-5-1-1280x853.png 1280w, https:\/\/laprimaveradelcava.com\/wp-content\/uploads\/2025\/03\/Covides-La-Primavera-del-Cava-5-1-980x653.png 980w, https:\/\/laprimaveradelcava.com\/wp-content\/uploads\/2025\/03\/Covides-La-Primavera-del-Cava-5-1-480x320.png 480w\" sizes=\"(min-width: 0px) and (max-width: 480px) 480px, (min-width: 481px) and (max-width: 980px) 980px, (min-width: 981px) and (max-width: 1280px) 1280px, (min-width: 1281px) 1500px, 100vw\" \/><\/div><div class=\"contingut\"><a href=\"https:\/\/laprimaveradelcava.com\/es\/eventos\/covides\/\"><p class=\"ubi\">Covides<\/p><p class=\"titol\">Taller de fotograf\u00eda y brunch entre vi\u00f1edos y caballos<\/p><\/a><p class=\"data\">S\u00e1bado 30 mayo, 09:30h<\/p><p class=\"preu\">Precio: 35\u20ac<\/p><p class=\"extracte\">De 3 a 17 a\u00f1os: 25\u20ac <\/br>\r\nDe 0 a 3 a\u00f1os: gratuito<\/p><a class=\"comprar\" href=\"https:\/\/tickets.oneboxtds.com\/aecava\/select\/2805382\" target=\"_blank\" rel=\"noopener\">Comprar entradas<\/a><\/div><\/div><div class=\"entrada EventScheduled 876\"><div class=\"img\"><img decoding=\"async\" width=\"1600\" height=\"1066\" src=\"https:\/\/laprimaveradelcava.com\/wp-content\/uploads\/2025\/03\/1-1.jpg\" class=\"attachment-full size-full wp-post-image\" alt=\"Sumarroca La Primavera del Cava\" srcset=\"https:\/\/laprimaveradelcava.com\/wp-content\/uploads\/2025\/03\/1-1.jpg 1600w, https:\/\/laprimaveradelcava.com\/wp-content\/uploads\/2025\/03\/1-1-1280x853.jpg 1280w, https:\/\/laprimaveradelcava.com\/wp-content\/uploads\/2025\/03\/1-1-980x653.jpg 980w, https:\/\/laprimaveradelcava.com\/wp-content\/uploads\/2025\/03\/1-1-480x320.jpg 480w\" sizes=\"(min-width: 0px) and (max-width: 480px) 480px, (min-width: 481px) and (max-width: 980px) 980px, (min-width: 981px) and (max-width: 1280px) 1280px, (min-width: 1281px) 1600px, 100vw\" \/><\/div><div class=\"contingut\"><a href=\"https:\/\/laprimaveradelcava.com\/es\/eventos\/sumarroca\/\"><p class=\"ubi\">Bodegues Sumarroca<\/p><p class=\"titol\">En el vi\u00f1edo por primavera: 4 parcelas, 4 cavas, 4 maridajes<\/p><\/a><p class=\"data\">S\u00e1bado 30 mayo, 11:00h<\/p><p class=\"preu\">Precio: 38\u20ac<\/p><a class=\"comprar\" href=\"https:\/\/tickets.oneboxtds.com\/aecava\/select\/2805383\" target=\"_blank\" rel=\"noopener\">Comprar entradas<\/a><\/div><\/div><\/div>\n<p>[\/et_pb_text][\/et_pb_column][\/et_pb_row][et_pb_row _builder_version=\u00bb4.25.0&#8243; _module_preset=\u00bbdefault\u00bb global_colors_info=\u00bb{}\u00bb][et_pb_column type=\u00bb4_4&#8243; _builder_version=\u00bb4.25.0&#8243; _module_preset=\u00bbdefault\u00bb global_colors_info=\u00bb{}\u00bb][et_pb_button button_url=\u00bbhttp:\/\/laprimaveradelcava.com\/activitats\u00bb button_text=\u00bbCONSULTA LAS ACTIVIDADES\u00bb button_alignment=\u00bbcenter\u00bb _builder_version=\u00bb4.25.0&#8243; _module_preset=\u00bbdefault\u00bb global_colors_info=\u00bb{}\u00bb][\/et_pb_button][\/et_pb_column][\/et_pb_row][et_pb_row _builder_version=\u00bb4.25.0&#8243; _module_preset=\u00bbdefault\u00bb global_colors_info=\u00bb{}\u00bb][et_pb_column type=\u00bb4_4&#8243; _builder_version=\u00bb4.25.0&#8243; _module_preset=\u00bbdefault\u00bb global_colors_info=\u00bb{}\u00bb][et_pb_image src=\u00bbhttps:\/\/laprimaveradelcava.com\/wp-content\/uploads\/2025\/03\/Primavera-del-cava-1.jpg\u00bb alt=\u00bbEntradas La Primavera del Cava\u00bb title_text=\u00bbPrimavera-del-cava-1&#8243; url=\u00bbhttp:\/\/laprimaveradelcava.com\/activitats\u00bb _builder_version=\u00bb4.25.0&#8243; _module_preset=\u00bbdefault\u00bb global_colors_info=\u00bb{}\u00bb][\/et_pb_image][\/et_pb_column][\/et_pb_row][\/et_pb_section]<\/p>\n","protected":false},"excerpt":{"rendered":"<p>[et_pb_section fb_built=\u00bb1&#8243; module_class=\u00bbheader-home\u00bb _builder_version=\u00bb4.25.0&#8243; _module_preset=\u00bbdefault\u00bb background_color=\u00bb#cecece\u00bb background_image=\u00bbhttps:\/\/laprimaveradelcava.com\/wp-content\/uploads\/2024\/04\/1-4.png\u00bb background_blend=\u00bbmultiply\u00bb min_height=\u00bb55vh\u00bb min_height_tablet=\u00bb75vh\u00bb min_height_phone=\u00bb40vh\u00bb min_height_last_edited=\u00bbon|phone\u00bb custom_margin=\u00bb12px|12px|12px|12px|false|false\u00bb custom_padding=\u00bb||||false|false\u00bb filter_hue_rotate=\u00bb11deg\u00bb filter_saturate=\u00bb86%\u00bb border_radii=\u00bbon|8px|8px|8px|8px\u00bb locked=\u00bboff\u00bb global_colors_info=\u00bb{}\u00bb][et_pb_row custom_padding_last_edited=\u00bbon|tablet\u00bb _builder_version=\u00bb4.25.0&#8243; _module_preset=\u00bb_initial\u00bb positioning=\u00bbabsolute\u00bb position_origin_a=\u00bbbottom_center\u00bb position_origin_a_tablet=\u00bbbottom_center\u00bb position_origin_a_phone=\u00bbbottom_center\u00bb position_origin_a_last_edited=\u00bbon|tablet\u00bb position_origin_f_tablet=\u00bb\u00bb position_origin_f_phone=\u00bb\u00bb position_origin_f_last_edited=\u00bbon|desktop\u00bb position_origin_r_tablet=\u00bb\u00bb position_origin_r_phone=\u00bb\u00bb position_origin_r_last_edited=\u00bbon|desktop\u00bb max_width_tablet=\u00bb\u00bb max_width_phone=\u00bb\u00bb max_width_last_edited=\u00bbon|desktop\u00bb custom_padding=\u00bb||60px||false|false\u00bb custom_padding_tablet=\u00bb||60px||false|false\u00bb custom_padding_phone=\u00bb||60px||false|false\u00bb positioning_tablet=\u00bbnone\u00bb positioning_phone=\u00bbnone\u00bb positioning_last_edited=\u00bbon|desktop\u00bb global_colors_info=\u00bb{}\u00bb][et_pb_column type=\u00bb4_4&#8243; _builder_version=\u00bb4.23.1&#8243; _module_preset=\u00bbdefault\u00bb global_colors_info=\u00bb{}\u00bb][et_pb_text _builder_version=\u00bb4.25.0&#8243; _module_preset=\u00bb_initial\u00bb background_layout=\u00bbdark\u00bb max_width=\u00bb90%\u00bb max_width_tablet=\u00bb100%\u00bb max_width_phone=\u00bb100%\u00bb max_width_last_edited=\u00bbon|phone\u00bb custom_padding=\u00bb|0px||||\u00bb [&hellip;]<\/p>\n","protected":false},"author":1,"featured_media":0,"parent":0,"menu_order":0,"comment_status":"closed","ping_status":"closed","template":"","meta":{"_et_pb_use_builder":"on","_et_pb_old_content":"","_et_gb_content_width":"","footnotes":""},"dipi_cpt_category":[],"class_list":["post-951","page","type-page","status-publish","hentry"],"_links":{"self":[{"href":"https:\/\/laprimaveradelcava.com\/es\/wp-json\/wp\/v2\/pages\/951","targetHints":{"allow":["GET"]}}],"collection":[{"href":"https:\/\/laprimaveradelcava.com\/es\/wp-json\/wp\/v2\/pages"}],"about":[{"href":"https:\/\/laprimaveradelcava.com\/es\/wp-json\/wp\/v2\/types\/page"}],"author":[{"embeddable":true,"href":"https:\/\/laprimaveradelcava.com\/es\/wp-json\/wp\/v2\/users\/1"}],"replies":[{"embeddable":true,"href":"https:\/\/laprimaveradelcava.com\/es\/wp-json\/wp\/v2\/comments?post=951"}],"version-history":[{"count":24,"href":"https:\/\/laprimaveradelcava.com\/es\/wp-json\/wp\/v2\/pages\/951\/revisions"}],"predecessor-version":[{"id":2050,"href":"https:\/\/laprimaveradelcava.com\/es\/wp-json\/wp\/v2\/pages\/951\/revisions\/2050"}],"wp:attachment":[{"href":"https:\/\/laprimaveradelcava.com\/es\/wp-json\/wp\/v2\/media?parent=951"}],"wp:term":[{"taxonomy":"dipi_cpt_category","embeddable":true,"href":"https:\/\/laprimaveradelcava.com\/es\/wp-json\/wp\/v2\/dipi_cpt_category?post=951"}],"curies":[{"name":"wp","href":"https:\/\/api.w.org\/{rel}","templated":true}]}}